{"id":19760,"date":"2025-08-01T11:00:34","date_gmt":"2025-08-01T09:00:34","guid":{"rendered":"https:\/\/www.abf.eu\/albino\/?post_type=corsi&#038;p=19760"},"modified":"2026-04-23T11:17:34","modified_gmt":"2026-04-23T09:17:34","slug":"addetto-alle-attivita-dufficio-2025","status":"publish","type":"corsi","link":"https:\/\/www.abf.eu\/albino\/corsi\/addetto-alle-attivita-dufficio-2025\/","title":{"rendered":"Addetto alle attivit\u00e0 d&#8217;ufficio"},"content":{"rendered":"\n<figure class=\"wp-block-image size-full\"><img decoding=\"async\" src=\"https:\/\/www.abf.eu\/clusone\/wp-content\/uploads\/sites\/2\/2023\/05\/FormatGOL-1024x118-2.jpg\" alt=\"\" class=\"wp-image-17515\"\/><\/figure>\n\n\n\n<h3 class=\"wp-block-heading\">Ottieni un attestato di competenze spendibile in ambito amministrativo segretariale<\/h3>\n\n\n\n<h5 class=\"wp-block-heading\">Il corso Addetto alle attivit\u00e0 d\u2019ufficio, per acquisire competenze spendibili sul mercato del lavoro<\/h5>\n\n\n\n<p>L\u2019addetto alle attivit\u00e0 d\u2019ufficio pu\u00f2 assumere diverse denominazioni in funzione dei livelli di autonomia, responsabilit\u00e0 e qualificazione.<\/p>\n\n\n\n<p>Pu\u00f2 presidiare le attivit\u00e0 connesse alle attivit\u00e0 amministrative dell\u2019impresa dalla reception, alla comunicazione e corrispondenza aziendale sia interna che esterna, alla gestione dell\u2019archivio e del protocollo, all\u2019organizzazione di riunioni o viaggi di lavoro. Il corso \u00e8 teso a sviluppare o potenziare le competenze legate a gestione e archiviazione documentale con una particolare attenzione anche alle conoscenze legate alla fatturazione, al DDT e alla prima nota attraverso l\u2019operativit\u00e0 di Excel per la creazione di database e tabelle.<\/p>\n\n\n\n<p>Il corso si strutturer\u00e0 in lezioni teoriche e pratiche, fornendo competenze professionali utili nella gestione dei flussi informativi aziendali, nell\u2019organizzazione dei documenti in ambito amministrativo, nella fatturazione e nella documentazione a essa collegata.<\/p>\n\n\n\n<h5 class=\"wp-block-heading\">I contenuti del corso di Addetto alle attivit\u00e0 d\u2019ufficio:<\/h5>\n\n\n\n<ul class=\"wp-block-list\">\n<li>L\u2019organizzazione aziendale: le figure professionali e i flussi di informazioni.<\/li>\n\n\n\n<li>La gestione efficiente delle comunicazioni in entrata ed uscita: la posta elettronica come strumento di lavoro, l\u2019elaborazione di testi e lettere commerciali attraverso l\u2019esplorazione di Word e delle sue funzionalit\u00e0.<\/li>\n\n\n\n<li>Internet parte I: i sistemi di navigazione e le applicazioni utili.<\/li>\n\n\n\n<li>Internet parte II: strumentazione Google a supporto delle attivit\u00e0 di segreteria (Google Calendar, Google Photo, Google Meet, Wetransfert, TransfertNow).<\/li>\n\n\n\n<li>L\u2019utilizzo di Excel per la gestione avanzata di database aziendali, fatturazione, DDT e prima nota.<\/li>\n\n\n\n<li>Elementi di diritto amministrativo.<\/li>\n\n\n\n<li>Normativa in materia di tutela della privacy (GDPR).<\/li>\n<\/ul>\n\n\n\n<figure class=\"wp-block-image size-large is-resized\"><img decoding=\"async\" src=\"https:\/\/www.abf.eu\/treviglio\/wp-content\/uploads\/sites\/8\/2022\/10\/shutterstock_1779597932-1-1024x603.jpg\" alt=\"\" class=\"wp-image-17390\" style=\"aspect-ratio:1.5015015015015014;width:1012px;height:auto\"\/><\/figure>\n\n\n\n<h5 class=\"wp-block-heading\">Requisiti di accesso<\/h5>\n\n\n\n<p>Per accedere al corso \u00e8 necessario:<\/p>\n\n\n\n<ul class=\"wp-block-list\">\n<li>raggiungimento della maggiore et\u00e0;<\/li>\n\n\n\n<li>licenza media;<\/li>\n\n\n\n<li>conoscenza base di programmi di videoscrittura (es.: Word);<\/li>\n\n\n\n<li>conoscenza base dei programmi di gestione fogli di lavoro (es.: Excel);<\/li>\n\n\n\n<li>ottima comprensione della lingua italiana.<\/li>\n<\/ul>\n\n\n\n<p>Inoltre, \u00e8 necessario essere in possesso:<\/p>\n\n\n\n<ul class=\"wp-block-list\">\n<li>dello <strong>SPID <\/strong>\u2013 Sistema Pubblico di Identit\u00e0 Digitale <em><strong>oppure<\/strong><\/em><\/li>\n\n\n\n<li>della <strong>carta d\u2019identit\u00e0 elettronica<\/strong> \u201cCIE\u201d con i relativi codici rilasciati dalle autorit\u00e0 competenti. Se in possesso di CIE \u00e8 necessario scaricare sul proprio smartphone l\u2019applicazione \u201cCieSign\u201d per il riconoscimento del documento elettronico.<\/li>\n\n\n\n<li>Aver installato sul proprio dispositivo digitale (smartphone o tablet) \u201c<strong>Firma LOM<\/strong>\u201d, l\u2019applicazione di Regione Lombardia per autenticarsi e convalidare le presenze giornaliere ai corsi.<\/li>\n<\/ul>\n\n\n\n<h5 class=\"wp-block-heading\">Ulteriori informazioni<\/h5>\n\n\n\n<p>Il corso di Addetto alle attivit\u00e0 d\u2019ufficio ha una durata di <strong>60 ore<\/strong>, suddivise tra aula e laboratorio di informatica, presso la <strong>sede di Albino.<\/strong> Le lezioni si terranno <strong>due pomeriggi la settimana <\/strong>tra le ore <strong>14:30 e le ore 18:30.<\/strong><\/p>\n\n\n\n<h5 class=\"wp-block-heading\">Il corso \u00e8 rivolto ai disoccupati dai 16 ai 65 anni in possesso dei requisiti del <a href=\"https:\/\/www.abf.eu\/programma-gol\/\">Programma GOL<\/a> (Garanzia di Occupabilit\u00e0 dei Lavoratori).<\/h5>\n\n\n\n<p>Per ottenere l\u2019attestato di partecipazione \u00e8 richiesta una frequenza pari ad almeno il 70% delle ore totali. Al termine del corso \u00e8 previsto l\u2019esame finale, al superamento del quale verr\u00e0 rilasciato l\u2019attestato di competenza.<\/p>\n\n\n\n<blockquote class=\"wp-block-quote is-layout-flow wp-block-quote-is-layout-flow\">\n<p>Sei interessato a questo corso ma non sei disoccupato? Contattaci, saremo lieti di presentarti la nostra offerta formativa dedicata.<\/p>\n<\/blockquote>\n\n\n\n<p><strong>Contatti e altre info<\/strong><\/p>\n\n\n\n<p>Per avere maggiori informazioni circa il nostro corso non esitate a contattarci allo 035.760022 oppure mandate una mail a <a href=\"mailto:formazione.albino@abf.eu\">formazione.albino@abf.eu<\/a>.<\/p>\n\n\n\n<hr class=\"wp-block-separator has-alpha-channel-opacity\"\/>\n\n\n\n<div id=\"linkcontent-block_67c81011e0e89\" class=\"link-content \">\n    <a class='animated-arrow font-weight-bold' href='https:\/\/www.abf.eu\/albino\/wp-content\/uploads\/sites\/4\/2025\/08\/AL-addetto-attivita-ufficio-1-1.pdf' target=\"_blank\">\n        <span class='the-arrow -left'>\n            <span class='shaft'><\/span>\n        <\/span>\n        <span class='main'>\n            <span class='text'>Scarica e condividi la locandina <\/span>\n            <span class='the-arrow -right'>\n                <span class='shaft'><\/span>\n            <\/span>\n        <\/span>\n    <\/a>\n<\/div>\n\n\n\n\n\n<p><\/p>\n","protected":false},"featured_media":16284,"parent":0,"template":"","class_list":["post-19760","corsi","type-corsi","status-publish","has-post-thumbnail","hentry","macrocategoria-corsi-adulti","tipologia-corsi-comunicazione-e-marketing"],"yoast_head":"<!-- This site is optimized with the Yoast SEO plugin v25.8 - https:\/\/yoast.com\/wordpress\/plugins\/seo\/ -->\n<title>Addetto alle attivit\u00e0 d&#039;ufficio - Albino<\/title>\n<meta name=\"robots\" content=\"index, follow, max-snippet:-1, max-image-preview:large, max-video-preview:-1\" \/>\n<link rel=\"canonical\" href=\"https:\/\/www.abf.eu\/albino\/corsi\/addetto-alle-attivita-dufficio-2025\/\" \/>\n<meta property=\"og:locale\" content=\"it_IT\" \/>\n<meta property=\"og:type\" content=\"article\" \/>\n<meta property=\"og:title\" content=\"Addetto alle attivit\u00e0 d&#039;ufficio - Albino\" \/>\n<meta property=\"og:description\" content=\"Ottieni un attestato di competenze spendibile in ambito amministrativo segretariale\" \/>\n<meta property=\"og:url\" content=\"https:\/\/www.abf.eu\/albino\/corsi\/addetto-alle-attivita-dufficio-2025\/\" \/>\n<meta property=\"og:site_name\" content=\"Albino\" \/>\n<meta property=\"article:modified_time\" content=\"2026-04-23T09:17:34+00:00\" \/>\n<meta property=\"og:image\" content=\"https:\/\/www.abf.eu\/albino\/wp-content\/uploads\/sites\/4\/2023\/07\/GOL-ufficio-e-fatturazione.png\" \/>\n\t<meta property=\"og:image:width\" content=\"1000\" \/>\n\t<meta property=\"og:image:height\" content=\"666\" \/>\n\t<meta property=\"og:image:type\" content=\"image\/png\" \/>\n<meta name=\"twitter:card\" content=\"summary_large_image\" \/>\n<meta name=\"twitter:label1\" content=\"Tempo di lettura stimato\" \/>\n\t<meta name=\"twitter:data1\" content=\"4 minuti\" \/>\n<script type=\"application\/ld+json\" class=\"yoast-schema-graph\">{\"@context\":\"https:\/\/schema.org\",\"@graph\":[{\"@type\":\"WebPage\",\"@id\":\"https:\/\/www.abf.eu\/albino\/corsi\/addetto-alle-attivita-dufficio-2025\/\",\"url\":\"https:\/\/www.abf.eu\/albino\/corsi\/addetto-alle-attivita-dufficio-2025\/\",\"name\":\"Addetto alle attivit\u00e0 d'ufficio - Albino\",\"isPartOf\":{\"@id\":\"https:\/\/www.abf.eu\/albino\/#website\"},\"primaryImageOfPage\":{\"@id\":\"https:\/\/www.abf.eu\/albino\/corsi\/addetto-alle-attivita-dufficio-2025\/#primaryimage\"},\"image\":{\"@id\":\"https:\/\/www.abf.eu\/albino\/corsi\/addetto-alle-attivita-dufficio-2025\/#primaryimage\"},\"thumbnailUrl\":\"https:\/\/www.abf.eu\/albino\/wp-content\/uploads\/sites\/4\/2023\/07\/GOL-ufficio-e-fatturazione.png\",\"datePublished\":\"2025-08-01T09:00:34+00:00\",\"dateModified\":\"2026-04-23T09:17:34+00:00\",\"breadcrumb\":{\"@id\":\"https:\/\/www.abf.eu\/albino\/corsi\/addetto-alle-attivita-dufficio-2025\/#breadcrumb\"},\"inLanguage\":\"it-IT\",\"potentialAction\":[{\"@type\":\"ReadAction\",\"target\":[\"https:\/\/www.abf.eu\/albino\/corsi\/addetto-alle-attivita-dufficio-2025\/\"]}]},{\"@type\":\"ImageObject\",\"inLanguage\":\"it-IT\",\"@id\":\"https:\/\/www.abf.eu\/albino\/corsi\/addetto-alle-attivita-dufficio-2025\/#primaryimage\",\"url\":\"https:\/\/www.abf.eu\/albino\/wp-content\/uploads\/sites\/4\/2023\/07\/GOL-ufficio-e-fatturazione.png\",\"contentUrl\":\"https:\/\/www.abf.eu\/albino\/wp-content\/uploads\/sites\/4\/2023\/07\/GOL-ufficio-e-fatturazione.png\",\"width\":1000,\"height\":666,\"caption\":\"Addetto ufficio e fatturazione\"},{\"@type\":\"BreadcrumbList\",\"@id\":\"https:\/\/www.abf.eu\/albino\/corsi\/addetto-alle-attivita-dufficio-2025\/#breadcrumb\",\"itemListElement\":[{\"@type\":\"ListItem\",\"position\":1,\"name\":\"Home\",\"item\":\"https:\/\/www.abf.eu\/albino\/\"},{\"@type\":\"ListItem\",\"position\":2,\"name\":\"Addetto alle attivit\u00e0 d&#8217;ufficio\"}]},{\"@type\":\"WebSite\",\"@id\":\"https:\/\/www.abf.eu\/albino\/#website\",\"url\":\"https:\/\/www.abf.eu\/albino\/\",\"name\":\"Albino\",\"description\":\"Ecco un altro sito Abf siti\",\"potentialAction\":[{\"@type\":\"SearchAction\",\"target\":{\"@type\":\"EntryPoint\",\"urlTemplate\":\"https:\/\/www.abf.eu\/albino\/?s={search_term_string}\"},\"query-input\":{\"@type\":\"PropertyValueSpecification\",\"valueRequired\":true,\"valueName\":\"search_term_string\"}}],\"inLanguage\":\"it-IT\"}]}<\/script>\n<!-- \/ Yoast SEO plugin. -->","yoast_head_json":{"title":"Addetto alle attivit\u00e0 d'ufficio - Albino","robots":{"index":"index","follow":"follow","max-snippet":"max-snippet:-1","max-image-preview":"max-image-preview:large","max-video-preview":"max-video-preview:-1"},"canonical":"https:\/\/www.abf.eu\/albino\/corsi\/addetto-alle-attivita-dufficio-2025\/","og_locale":"it_IT","og_type":"article","og_title":"Addetto alle attivit\u00e0 d'ufficio - Albino","og_description":"Ottieni un attestato di competenze spendibile in ambito amministrativo segretariale","og_url":"https:\/\/www.abf.eu\/albino\/corsi\/addetto-alle-attivita-dufficio-2025\/","og_site_name":"Albino","article_modified_time":"2026-04-23T09:17:34+00:00","og_image":[{"width":1000,"height":666,"url":"https:\/\/www.abf.eu\/albino\/wp-content\/uploads\/sites\/4\/2023\/07\/GOL-ufficio-e-fatturazione.png","type":"image\/png"}],"twitter_card":"summary_large_image","twitter_misc":{"Tempo di lettura stimato":"4 minuti"},"schema":{"@context":"https:\/\/schema.org","@graph":[{"@type":"WebPage","@id":"https:\/\/www.abf.eu\/albino\/corsi\/addetto-alle-attivita-dufficio-2025\/","url":"https:\/\/www.abf.eu\/albino\/corsi\/addetto-alle-attivita-dufficio-2025\/","name":"Addetto alle attivit\u00e0 d'ufficio - Albino","isPartOf":{"@id":"https:\/\/www.abf.eu\/albino\/#website"},"primaryImageOfPage":{"@id":"https:\/\/www.abf.eu\/albino\/corsi\/addetto-alle-attivita-dufficio-2025\/#primaryimage"},"image":{"@id":"https:\/\/www.abf.eu\/albino\/corsi\/addetto-alle-attivita-dufficio-2025\/#primaryimage"},"thumbnailUrl":"https:\/\/www.abf.eu\/albino\/wp-content\/uploads\/sites\/4\/2023\/07\/GOL-ufficio-e-fatturazione.png","datePublished":"2025-08-01T09:00:34+00:00","dateModified":"2026-04-23T09:17:34+00:00","breadcrumb":{"@id":"https:\/\/www.abf.eu\/albino\/corsi\/addetto-alle-attivita-dufficio-2025\/#breadcrumb"},"inLanguage":"it-IT","potentialAction":[{"@type":"ReadAction","target":["https:\/\/www.abf.eu\/albino\/corsi\/addetto-alle-attivita-dufficio-2025\/"]}]},{"@type":"ImageObject","inLanguage":"it-IT","@id":"https:\/\/www.abf.eu\/albino\/corsi\/addetto-alle-attivita-dufficio-2025\/#primaryimage","url":"https:\/\/www.abf.eu\/albino\/wp-content\/uploads\/sites\/4\/2023\/07\/GOL-ufficio-e-fatturazione.png","contentUrl":"https:\/\/www.abf.eu\/albino\/wp-content\/uploads\/sites\/4\/2023\/07\/GOL-ufficio-e-fatturazione.png","width":1000,"height":666,"caption":"Addetto ufficio e fatturazione"},{"@type":"BreadcrumbList","@id":"https:\/\/www.abf.eu\/albino\/corsi\/addetto-alle-attivita-dufficio-2025\/#breadcrumb","itemListElement":[{"@type":"ListItem","position":1,"name":"Home","item":"https:\/\/www.abf.eu\/albino\/"},{"@type":"ListItem","position":2,"name":"Addetto alle attivit\u00e0 d&#8217;ufficio"}]},{"@type":"WebSite","@id":"https:\/\/www.abf.eu\/albino\/#website","url":"https:\/\/www.abf.eu\/albino\/","name":"Albino","description":"Ecco un altro sito Abf siti","potentialAction":[{"@type":"SearchAction","target":{"@type":"EntryPoint","urlTemplate":"https:\/\/www.abf.eu\/albino\/?s={search_term_string}"},"query-input":{"@type":"PropertyValueSpecification","valueRequired":true,"valueName":"search_term_string"}}],"inLanguage":"it-IT"}]}},"_links":{"self":[{"href":"https:\/\/www.abf.eu\/albino\/wp-json\/wp\/v2\/corsi\/19760","targetHints":{"allow":["GET"]}}],"collection":[{"href":"https:\/\/www.abf.eu\/albino\/wp-json\/wp\/v2\/corsi"}],"about":[{"href":"https:\/\/www.abf.eu\/albino\/wp-json\/wp\/v2\/types\/corsi"}],"wp:featuredmedia":[{"embeddable":true,"href":"https:\/\/www.abf.eu\/albino\/wp-json\/wp\/v2\/media\/16284"}],"wp:attachment":[{"href":"https:\/\/www.abf.eu\/albino\/wp-json\/wp\/v2\/media?parent=19760"}],"curies":[{"name":"wp","href":"https:\/\/api.w.org\/{rel}","templated":true}]}}