{"id":19292,"date":"2023-10-11T12:25:45","date_gmt":"2023-10-11T10:25:45","guid":{"rendered":"https:\/\/www.abf.eu\/bergamo\/?post_type=corsi&#038;p=19292"},"modified":"2026-04-23T11:17:13","modified_gmt":"2026-04-23T09:17:13","slug":"acconciatore-femminile-e-maschile","status":"publish","type":"corsi","link":"https:\/\/www.abf.eu\/bergamo\/corsi\/acconciatore-femminile-e-maschile\/","title":{"rendered":"Acconciatore femminile e maschile"},"content":{"rendered":"\n<h3 class=\"wp-block-heading\">In avvio la nuova edizione del corso biennale di Acconciatore femminile e maschile<\/h3>\n\n\n\n<h5 class=\"wp-block-heading\">ABF ti forma alla professionalit\u00e0<\/h5>\n\n\n\n<p>Dai forma alla tua passione per la moda e l&#8217;estetica dei capelli! <\/p>\n\n\n\n<p>ABF propone la nuova edizione del corso biennale di <strong>Acconciatore femminile e maschile <\/strong>presso la nostra sede di Bergamo. Se sogni di diventare un professionista, in grado di creare stili unici e di valorizzare l&#8217;aspetto estetico delle persone, questa \u00e8 l&#8217;opportunit\u00e0 che stavi cercando.<\/p>\n\n\n\n<p>Il corso ti fornir\u00e0 tutte le competenze necessarie per effettuare trattamenti innovativi, seguire le ultime tendenze della moda e proporre soluzioni personalizzate ai tuoi clienti. Non solo imparerai le tecniche per tagliare e curare i capelli, ma svilupperai anche la capacit\u00e0 di comprendere le esigenze individuali, garantendo risultati soddisfacenti e all&#8217;avanguardia.<\/p>\n\n\n\n<p>Unisciti a noi in questa avventura e preparati a trasformare la tua passione in una carriera gratificante. Siamo pronti ad accompagnarti verso un futuro ricco di opportunit\u00e0 nel mondo dell&#8217;acconciatura. Non perdere questa straordinaria occasione di crescita e scoperta!<\/p>\n\n\n\n<h5 class=\"wp-block-heading\">Chi \u00e8 l&#8217;<em>Acconciatore femminile e maschile<\/em>?<\/h5>\n\n\n\n<p>L\u2019acconciatore \u00e8 la figura professionale in grado di effettuare tutti i trattamenti e i servizi volti a modificare, migliorare, mantenere e proteggere l\u2019aspetto estetico dei capelli, ivi compresi i trattamenti tricologici complementari, che non implicano prestazioni di carattere medico, curativo o sanitario, nonch\u00e9 il taglio e il trattamento estetico della barba e ogni altro servizio inerente o complementare.<br>Questa figura professionalmente \u00e8 inoltre in grado di proporre e realizzare per la clientela prestazioni conformi e funzionali alle caratteristiche e all\u2019aspetto della persona secondo i canoni delle mode e dei costumi riconosciuti nelle diverse culture. Sa orientarsi nella legislazione vigente, applicare le normative e riconoscere i referenti per la gestione dell\u2019impresa artigiana.<\/p>\n\n\n\n<hr class=\"wp-block-separator has-alpha-channel-opacity\"\/>\n\n\n\n<figure class=\"wp-block-image size-full\"><img loading=\"lazy\" decoding=\"async\" width=\"1000\" height=\"666\" src=\"https:\/\/www.abf.eu\/bergamo\/wp-content\/uploads\/sites\/3\/2023\/07\/Acconciatore-femminile-e-maschile-2.jpg\" alt=\"Acconciatore femminile e maschile\" class=\"wp-image-19468\" srcset=\"https:\/\/www.abf.eu\/bergamo\/wp-content\/uploads\/sites\/3\/2023\/07\/Acconciatore-femminile-e-maschile-2.jpg 1000w, https:\/\/www.abf.eu\/bergamo\/wp-content\/uploads\/sites\/3\/2023\/07\/Acconciatore-femminile-e-maschile-2-300x200.jpg 300w, https:\/\/www.abf.eu\/bergamo\/wp-content\/uploads\/sites\/3\/2023\/07\/Acconciatore-femminile-e-maschile-2-768x511.jpg 768w, https:\/\/www.abf.eu\/bergamo\/wp-content\/uploads\/sites\/3\/2023\/07\/Acconciatore-femminile-e-maschile-2-600x400.jpg 600w\" sizes=\"auto, (max-width: 1000px) 100vw, 1000px\" \/><\/figure>\n\n\n\n<h5 class=\"wp-block-heading\">Contenuti e articolazione del corso &#8220;Acconciatore Femminile e Maschile&#8221;<\/h5>\n\n\n\n<p>Il corso, di durata biennale, si pone l\u2019obiettivo di formare il profilo professionale dell\u2019acconciatore assicurando l\u2019apprendimento delle conoscenze culturali, scientifiche, giuridico \u2013 normative, organizzative, comportamentali, tecniche ed operative che risultano indispensabili per l\u2019esercizio della professione anche in forma imprenditoriale.<br>Il corso prevede una organizzazione della <strong>durata di 2 anni<\/strong>. <\/p>\n\n\n\n<p>Si articola in 1050 ore per anno cos\u00ec suddivise: <\/p>\n\n\n\n<ul class=\"wp-block-list\">\n<li>1\u00b0 anno 900 teoria e 150 stage<\/li>\n\n\n\n<li>2\u00b0 anno 600 teoria e 450 stage<\/li>\n<\/ul>\n\n\n\n<p>Le discipline teorico\/pratiche che si svolgeranno in presenza sono:<\/p>\n\n\n\n<ul class=\"wp-block-list\">\n<li>Tecnica e Teoria Professionale, <\/li>\n\n\n\n<li>Dermatologia, <\/li>\n\n\n\n<li>Anatomia, <\/li>\n\n\n\n<li>Chimica, <\/li>\n\n\n\n<li>Cosmetologia, <\/li>\n\n\n\n<li>Igiene, <\/li>\n\n\n\n<li>Fisica, <\/li>\n\n\n\n<li>Informatica, <\/li>\n\n\n\n<li>Tecnica commerciale, <\/li>\n\n\n\n<li>Cultura del lavoro, <\/li>\n\n\n\n<li>Lingua inglese.<\/li>\n<\/ul>\n\n\n\n<p>Per il conseguimento dell\u2019abilitazione professionale all\u2019esercizio dell\u2019attivit\u00e0 di acconciatore (titolarit\u00e0 della licenza) \u00e8 previsto il corso di specializzazione dopo il biennio (legge n. 174\/2005).<\/p>\n\n\n\n<ul class=\"wp-block-list\">\n<li>Orario lezioni: da luned\u00ec a venerd\u00ec dalle 17:30 alle 22:30 (1\u00b0 anno)<\/li>\n\n\n\n<li>Frequenza obbligatoria (le assenze superiori al 25% escludono il passaggio al secondo anno o la presentazione all\u2019esame).<\/li>\n<\/ul>\n\n\n\n<hr class=\"wp-block-separator has-alpha-channel-opacity\"\/>\n\n\n\n<figure class=\"wp-block-image size-full\"><img loading=\"lazy\" decoding=\"async\" width=\"1000\" height=\"666\" src=\"https:\/\/www.abf.eu\/bergamo\/wp-content\/uploads\/sites\/3\/2023\/07\/Acconciatore-femminile-e-maschile.png\" alt=\"\" class=\"wp-image-19471\" srcset=\"https:\/\/www.abf.eu\/bergamo\/wp-content\/uploads\/sites\/3\/2023\/07\/Acconciatore-femminile-e-maschile.png 1000w, https:\/\/www.abf.eu\/bergamo\/wp-content\/uploads\/sites\/3\/2023\/07\/Acconciatore-femminile-e-maschile-300x200.png 300w, https:\/\/www.abf.eu\/bergamo\/wp-content\/uploads\/sites\/3\/2023\/07\/Acconciatore-femminile-e-maschile-768x511.png 768w, https:\/\/www.abf.eu\/bergamo\/wp-content\/uploads\/sites\/3\/2023\/07\/Acconciatore-femminile-e-maschile-600x400.png 600w\" sizes=\"auto, (max-width: 1000px) 100vw, 1000px\" \/><\/figure>\n\n\n\n<h5 class=\"wp-block-heading\">I tirocini formativi<\/h5>\n\n\n\n<p>Il percorso prevede lo svolgimento di attivit\u00e0 di stage in ogni annualit\u00e0. Il tirocinio formativo presso i saloni di acconciatura convenzionati \u00e8 un pilastro fondamentale del nostro corso biennale di Acconciatore femminile e maschile. Durante il primo anno, con 150 ore di esperienza pratica, i nostri studenti hanno l&#8217;opportunit\u00e0 di mettere in pratica le conoscenze teoriche acquisite in aula, immergendosi nell&#8217;ambiente professionale. Questa esperienza \u00e8 essenziale per consolidare le abilit\u00e0 tecniche e sviluppare una comprensione approfondita delle esigenze dei clienti.<\/p>\n\n\n\n<p>Nel secondo anno, con ben 450 ore di tirocinio, gli studenti hanno la possibilit\u00e0 di affinare ulteriormente le proprie capacit\u00e0 e acquisire una visione pi\u00f9 completa del settore. Il contatto diretto con i professionisti del settore e l&#8217;interazione con una vasta gamma di clienti consentono loro di apprendere strategie di gestione del lavoro, sviluppare la creativit\u00e0 e affinare le capacit\u00e0 comunicative.<\/p>\n\n\n\n<p>Il tirocinio rappresenta una parte integrante del percorso formativo, poich\u00e9 prepara i nostri studenti ad affrontare con sicurezza e competenza le sfide della professione di acconciatore, permettendo loro di sviluppare una professionalit\u00e0 distintiva e di elevare la propria carriera ad un livello superiore.<\/p>\n\n\n\n<hr class=\"wp-block-separator has-alpha-channel-opacity\"\/>\n\n\n\n<h5 class=\"wp-block-heading\">Contatta la segreteria del corso<\/h5>\n\n\n\n<p>Per ulteriori informazioni \u00e8 possibile contattare la segreteria organizzatrice al numero 035.3693736 oppure via mail a&nbsp;<a href=\"mailto:formazione.bergamo@abf.eu\">formazione.bergamo@abf.eu<\/a>.<\/p>\n\n\n\n<hr class=\"wp-block-separator has-alpha-channel-opacity\"\/>\n\n\n\n<div id=\"linkcontent-block_64b909f2d794e\" class=\"link-content \">\n    <a class='animated-arrow font-weight-bold' href='https:\/\/www.abf.eu\/bergamo\/wp-content\/uploads\/sites\/3\/2023\/07\/BG-Acconciatore-biennale.pdf' target=\"_blank\">\n        <span class='the-arrow -left'>\n            <span class='shaft'><\/span>\n        <\/span>\n        <span class='main'>\n            <span class='text'>Scarica e condividi la locandina del corso<\/span>\n            <span class='the-arrow -right'>\n                <span class='shaft'><\/span>\n            <\/span>\n        <\/span>\n    <\/a>\n<\/div>\n\n\n","protected":false},"featured_media":19467,"parent":0,"template":"","class_list":["post-19292","corsi","type-corsi","status-publish","has-post-thumbnail","hentry","macrocategoria-corsi-adulti","tipologia-corsi-benessere-estetica"],"yoast_head":"<!-- This site is optimized with the Yoast SEO plugin v25.8 - https:\/\/yoast.com\/wordpress\/plugins\/seo\/ -->\n<title>Acconciatore femminile e maschile - Bergamo<\/title>\n<meta name=\"description\" content=\"ABF propone la nuova edizione del corso biennale di Acconciatore femminile e maschile, presso la sede di Bergamo.\" \/>\n<meta name=\"robots\" content=\"index, follow, max-snippet:-1, max-image-preview:large, max-video-preview:-1\" \/>\n<link rel=\"canonical\" href=\"https:\/\/www.abf.eu\/bergamo\/corsi\/acconciatore-femminile-e-maschile\/\" \/>\n<meta property=\"og:locale\" content=\"it_IT\" \/>\n<meta property=\"og:type\" content=\"article\" \/>\n<meta property=\"og:title\" content=\"Acconciatore femminile e maschile - Bergamo\" \/>\n<meta property=\"og:description\" content=\"ABF propone la nuova edizione del corso biennale di Acconciatore femminile e maschile, presso la sede di Bergamo.\" \/>\n<meta property=\"og:url\" content=\"https:\/\/www.abf.eu\/bergamo\/corsi\/acconciatore-femminile-e-maschile\/\" \/>\n<meta property=\"og:site_name\" content=\"Bergamo\" \/>\n<meta property=\"article:modified_time\" content=\"2026-04-23T09:17:13+00:00\" \/>\n<meta property=\"og:image\" content=\"https:\/\/www.abf.eu\/bergamo\/wp-content\/uploads\/sites\/3\/2023\/07\/Acconciatore-femminile-e-maschile.jpg\" \/>\n\t<meta property=\"og:image:width\" content=\"1000\" \/>\n\t<meta property=\"og:image:height\" content=\"666\" \/>\n\t<meta property=\"og:image:type\" content=\"image\/jpeg\" \/>\n<meta name=\"twitter:card\" content=\"summary_large_image\" \/>\n<meta name=\"twitter:label1\" content=\"Tempo di lettura stimato\" \/>\n\t<meta name=\"twitter:data1\" content=\"5 minuti\" \/>\n<script type=\"application\/ld+json\" class=\"yoast-schema-graph\">{\"@context\":\"https:\/\/schema.org\",\"@graph\":[{\"@type\":\"WebPage\",\"@id\":\"https:\/\/www.abf.eu\/bergamo\/corsi\/acconciatore-femminile-e-maschile\/\",\"url\":\"https:\/\/www.abf.eu\/bergamo\/corsi\/acconciatore-femminile-e-maschile\/\",\"name\":\"Acconciatore femminile e maschile - Bergamo\",\"isPartOf\":{\"@id\":\"https:\/\/www.abf.eu\/bergamo\/#website\"},\"primaryImageOfPage\":{\"@id\":\"https:\/\/www.abf.eu\/bergamo\/corsi\/acconciatore-femminile-e-maschile\/#primaryimage\"},\"image\":{\"@id\":\"https:\/\/www.abf.eu\/bergamo\/corsi\/acconciatore-femminile-e-maschile\/#primaryimage\"},\"thumbnailUrl\":\"https:\/\/www.abf.eu\/bergamo\/wp-content\/uploads\/sites\/3\/2023\/07\/Acconciatore-femminile-e-maschile.jpg\",\"datePublished\":\"2023-10-11T10:25:45+00:00\",\"dateModified\":\"2026-04-23T09:17:13+00:00\",\"description\":\"ABF propone la nuova edizione del corso biennale di Acconciatore femminile e maschile, presso la sede di Bergamo.\",\"breadcrumb\":{\"@id\":\"https:\/\/www.abf.eu\/bergamo\/corsi\/acconciatore-femminile-e-maschile\/#breadcrumb\"},\"inLanguage\":\"it-IT\",\"potentialAction\":[{\"@type\":\"ReadAction\",\"target\":[\"https:\/\/www.abf.eu\/bergamo\/corsi\/acconciatore-femminile-e-maschile\/\"]}]},{\"@type\":\"ImageObject\",\"inLanguage\":\"it-IT\",\"@id\":\"https:\/\/www.abf.eu\/bergamo\/corsi\/acconciatore-femminile-e-maschile\/#primaryimage\",\"url\":\"https:\/\/www.abf.eu\/bergamo\/wp-content\/uploads\/sites\/3\/2023\/07\/Acconciatore-femminile-e-maschile.jpg\",\"contentUrl\":\"https:\/\/www.abf.eu\/bergamo\/wp-content\/uploads\/sites\/3\/2023\/07\/Acconciatore-femminile-e-maschile.jpg\",\"width\":1000,\"height\":666,\"caption\":\"Acconciatore femminile e maschile\"},{\"@type\":\"BreadcrumbList\",\"@id\":\"https:\/\/www.abf.eu\/bergamo\/corsi\/acconciatore-femminile-e-maschile\/#breadcrumb\",\"itemListElement\":[{\"@type\":\"ListItem\",\"position\":1,\"name\":\"Home\",\"item\":\"https:\/\/www.abf.eu\/bergamo\/\"},{\"@type\":\"ListItem\",\"position\":2,\"name\":\"Acconciatore femminile e maschile\"}]},{\"@type\":\"WebSite\",\"@id\":\"https:\/\/www.abf.eu\/bergamo\/#website\",\"url\":\"https:\/\/www.abf.eu\/bergamo\/\",\"name\":\"Bergamo\",\"description\":\"Ecco un altro sito Abf siti\",\"potentialAction\":[{\"@type\":\"SearchAction\",\"target\":{\"@type\":\"EntryPoint\",\"urlTemplate\":\"https:\/\/www.abf.eu\/bergamo\/?s={search_term_string}\"},\"query-input\":{\"@type\":\"PropertyValueSpecification\",\"valueRequired\":true,\"valueName\":\"search_term_string\"}}],\"inLanguage\":\"it-IT\"}]}<\/script>\n<!-- \/ Yoast SEO plugin. -->","yoast_head_json":{"title":"Acconciatore femminile e maschile - Bergamo","description":"ABF propone la nuova edizione del corso biennale di Acconciatore femminile e maschile, presso la sede di Bergamo.","robots":{"index":"index","follow":"follow","max-snippet":"max-snippet:-1","max-image-preview":"max-image-preview:large","max-video-preview":"max-video-preview:-1"},"canonical":"https:\/\/www.abf.eu\/bergamo\/corsi\/acconciatore-femminile-e-maschile\/","og_locale":"it_IT","og_type":"article","og_title":"Acconciatore femminile e maschile - Bergamo","og_description":"ABF propone la nuova edizione del corso biennale di Acconciatore femminile e maschile, presso la sede di Bergamo.","og_url":"https:\/\/www.abf.eu\/bergamo\/corsi\/acconciatore-femminile-e-maschile\/","og_site_name":"Bergamo","article_modified_time":"2026-04-23T09:17:13+00:00","og_image":[{"width":1000,"height":666,"url":"https:\/\/www.abf.eu\/bergamo\/wp-content\/uploads\/sites\/3\/2023\/07\/Acconciatore-femminile-e-maschile.jpg","type":"image\/jpeg"}],"twitter_card":"summary_large_image","twitter_misc":{"Tempo di lettura stimato":"5 minuti"},"schema":{"@context":"https:\/\/schema.org","@graph":[{"@type":"WebPage","@id":"https:\/\/www.abf.eu\/bergamo\/corsi\/acconciatore-femminile-e-maschile\/","url":"https:\/\/www.abf.eu\/bergamo\/corsi\/acconciatore-femminile-e-maschile\/","name":"Acconciatore femminile e maschile - Bergamo","isPartOf":{"@id":"https:\/\/www.abf.eu\/bergamo\/#website"},"primaryImageOfPage":{"@id":"https:\/\/www.abf.eu\/bergamo\/corsi\/acconciatore-femminile-e-maschile\/#primaryimage"},"image":{"@id":"https:\/\/www.abf.eu\/bergamo\/corsi\/acconciatore-femminile-e-maschile\/#primaryimage"},"thumbnailUrl":"https:\/\/www.abf.eu\/bergamo\/wp-content\/uploads\/sites\/3\/2023\/07\/Acconciatore-femminile-e-maschile.jpg","datePublished":"2023-10-11T10:25:45+00:00","dateModified":"2026-04-23T09:17:13+00:00","description":"ABF propone la nuova edizione del corso biennale di Acconciatore femminile e maschile, presso la sede di Bergamo.","breadcrumb":{"@id":"https:\/\/www.abf.eu\/bergamo\/corsi\/acconciatore-femminile-e-maschile\/#breadcrumb"},"inLanguage":"it-IT","potentialAction":[{"@type":"ReadAction","target":["https:\/\/www.abf.eu\/bergamo\/corsi\/acconciatore-femminile-e-maschile\/"]}]},{"@type":"ImageObject","inLanguage":"it-IT","@id":"https:\/\/www.abf.eu\/bergamo\/corsi\/acconciatore-femminile-e-maschile\/#primaryimage","url":"https:\/\/www.abf.eu\/bergamo\/wp-content\/uploads\/sites\/3\/2023\/07\/Acconciatore-femminile-e-maschile.jpg","contentUrl":"https:\/\/www.abf.eu\/bergamo\/wp-content\/uploads\/sites\/3\/2023\/07\/Acconciatore-femminile-e-maschile.jpg","width":1000,"height":666,"caption":"Acconciatore femminile e maschile"},{"@type":"BreadcrumbList","@id":"https:\/\/www.abf.eu\/bergamo\/corsi\/acconciatore-femminile-e-maschile\/#breadcrumb","itemListElement":[{"@type":"ListItem","position":1,"name":"Home","item":"https:\/\/www.abf.eu\/bergamo\/"},{"@type":"ListItem","position":2,"name":"Acconciatore femminile e maschile"}]},{"@type":"WebSite","@id":"https:\/\/www.abf.eu\/bergamo\/#website","url":"https:\/\/www.abf.eu\/bergamo\/","name":"Bergamo","description":"Ecco un altro sito Abf siti","potentialAction":[{"@type":"SearchAction","target":{"@type":"EntryPoint","urlTemplate":"https:\/\/www.abf.eu\/bergamo\/?s={search_term_string}"},"query-input":{"@type":"PropertyValueSpecification","valueRequired":true,"valueName":"search_term_string"}}],"inLanguage":"it-IT"}]}},"_links":{"self":[{"href":"https:\/\/www.abf.eu\/bergamo\/wp-json\/wp\/v2\/corsi\/19292","targetHints":{"allow":["GET"]}}],"collection":[{"href":"https:\/\/www.abf.eu\/bergamo\/wp-json\/wp\/v2\/corsi"}],"about":[{"href":"https:\/\/www.abf.eu\/bergamo\/wp-json\/wp\/v2\/types\/corsi"}],"wp:featuredmedia":[{"embeddable":true,"href":"https:\/\/www.abf.eu\/bergamo\/wp-json\/wp\/v2\/media\/19467"}],"wp:attachment":[{"href":"https:\/\/www.abf.eu\/bergamo\/wp-json\/wp\/v2\/media?parent=19292"}],"curies":[{"name":"wp","href":"https:\/\/api.w.org\/{rel}","templated":true}]}}