{"id":24399,"date":"2026-03-03T11:26:36","date_gmt":"2026-03-03T10:26:36","guid":{"rendered":"https:\/\/www.abf.eu\/bergamo\/?post_type=corsi&#038;p=24399"},"modified":"2026-04-23T12:49:55","modified_gmt":"2026-04-23T10:49:55","slug":"cooking-lab","status":"publish","type":"corsi","link":"https:\/\/www.abf.eu\/bergamo\/corsi\/cooking-lab\/","title":{"rendered":"Cooking Lab"},"content":{"rendered":"\n<h3 class=\"wp-block-heading\">Torna ai fornelli con i Cooking Lab!<\/h3>\n\n\n\n<p>Che tu abbia il grembiule sempre a portata di mano o voglia scoprire se tra i tuoi talenti si nasconde anche quello della cucina\u2026 i nostri Cooking lab sono pensati proprio per te!<\/p>\n\n\n\n<p>Si comincia con il <strong>corso di cucina amatoriale base<\/strong>, che dar\u00e0 un\u2019infarinatura sulle tecniche base, per passare poi a <strong>percorsi pi\u00f9 specifici<\/strong> dedicati agli appassionati. E se sei gi\u00e0 pi\u00f9 esperto? Nessun problema: <strong>durante l\u2019anno attiveremo anche corsi di livello intermedio<\/strong>, per continuare ad affinare tecnica e creativit\u00e0 ai fornelli.<\/p>\n\n\n\n<p>Che si tratti di un hobby o del primo passo verso una futura professione, <strong>i Cooking Lab ABF sono l\u2019occasione giusta per mettersi in gioco tra padelle e mestoli!<\/strong><\/p>\n\n\n\n<p><strong>Iscriversi \u00e8 semplicissimo<\/strong>: basta cliccare sul pulsante \u201cISCRIZIONE\u201d che trovi sotto ogni corso.<\/p>\n\n\n\n<hr class=\"wp-block-separator has-alpha-channel-opacity\"\/>\n\n\n\n<h2 class=\"wp-block-heading\">Cucina amatoriale intermedio<\/h2>\n\n\n\n<p>\ud83d\udcc5 <strong>25 marzo 2026<\/strong><br>\ud83d\udd52 <strong>15 ore<\/strong> <br>\ud83d\udcb6 <strong>190\u20ac<\/strong><\/p>\n\n\n\n<figure class=\"wp-block-image size-full\"><img loading=\"lazy\" decoding=\"async\" width=\"1000\" height=\"666\" src=\"https:\/\/www.abf.eu\/bergamo\/wp-content\/uploads\/sites\/3\/2025\/11\/Cucina-amatoriale-intermedio.png\" alt=\"\" class=\"wp-image-25312\" srcset=\"https:\/\/www.abf.eu\/bergamo\/wp-content\/uploads\/sites\/3\/2025\/11\/Cucina-amatoriale-intermedio.png 1000w, https:\/\/www.abf.eu\/bergamo\/wp-content\/uploads\/sites\/3\/2025\/11\/Cucina-amatoriale-intermedio-300x200.png 300w, https:\/\/www.abf.eu\/bergamo\/wp-content\/uploads\/sites\/3\/2025\/11\/Cucina-amatoriale-intermedio-768x511.png 768w, https:\/\/www.abf.eu\/bergamo\/wp-content\/uploads\/sites\/3\/2025\/11\/Cucina-amatoriale-intermedio-600x400.png 600w\" sizes=\"auto, (max-width: 1000px) 100vw, 1000px\" \/><\/figure>\n\n\n\n<p>Dopo il grande successo del corso di Cucina Amatoriale Base, accogliamo la richiesta di svelare tutti i segreti del nostro chef Walter Baggi! <\/p>\n\n\n\n<p>Il corso <strong>approfondir\u00e0 le tecniche base della cucina<\/strong> e i principali <strong>metodi di preparazione e di cottura<\/strong>. Non temere, apprenderai tutte le tecniche necessarie per muoverti agevolmente tra i fornelli e stupire i tuoi ospiti!<\/p>\n\n\n\n<p>Cucina amatoriale intermedio \u00e8 adatto a chi avesse gi\u00e0 partecipato al modulo base o a chi gi\u00e0 sentisse di avere delle buone basi in cucina. Si divide in quattro serate, due della durata di 4 ore e due della durata di 3 ore e mezza, per <strong>quattro mercoled\u00ec di fila a partire dalle ore 17.30<\/strong> del 25 marzo.<\/p>\n\n\n\n<p class=\"has-text-align-center\"><strong>Puoi iscriverti al corso cliccando sul pulsante \u201cISCRIVITI\u201d sottostante.<\/strong><\/p>\n\n\n\n<div style=\"height:15px\" aria-hidden=\"true\" class=\"wp-block-spacer\"><\/div>\n\n\n\n<div class=\"wp-block-buttons is-content-justification-center is-layout-flex wp-container-core-buttons-is-layout-16018d1d wp-block-buttons-is-layout-flex\">\n<div class=\"wp-block-button\"><a class=\"wp-block-button__link wp-element-button\" href=\"https:\/\/www.gestcfp.com\/portale\/abf\/web\/preiscrizioni\/dashboard\/preiscrizioni.php?dom=0&amp;cod_corso=B6HA07&amp;anno_corso=CFP%20%20%20%20%202026&amp;isc=0\">ISCRIVITI<\/a><\/div>\n<\/div>\n\n\n\n<div style=\"height:35px\" aria-hidden=\"true\" class=\"wp-block-spacer\"><\/div>\n\n\n\n<hr class=\"wp-block-separator has-alpha-channel-opacity\"\/>\n\n\n\n<h2 class=\"wp-block-heading\">Cucina per le intolleranze<\/h2>\n\n\n\n<p>\ud83d\udcc5 <strong>22 e 29 aprile 2026<\/strong><br>\ud83d\udd52 <strong>8 ore<\/strong> <br>\ud83d\udcb6 <strong>120\u20ac<\/strong><\/p>\n\n\n\n<figure class=\"wp-block-image size-full\"><img loading=\"lazy\" decoding=\"async\" width=\"1000\" height=\"666\" src=\"https:\/\/www.abf.eu\/bergamo\/wp-content\/uploads\/sites\/3\/2026\/02\/Cucina-per-le-intolleranze.png\" alt=\"\" class=\"wp-image-25623\" srcset=\"https:\/\/www.abf.eu\/bergamo\/wp-content\/uploads\/sites\/3\/2026\/02\/Cucina-per-le-intolleranze.png 1000w, https:\/\/www.abf.eu\/bergamo\/wp-content\/uploads\/sites\/3\/2026\/02\/Cucina-per-le-intolleranze-300x200.png 300w, https:\/\/www.abf.eu\/bergamo\/wp-content\/uploads\/sites\/3\/2026\/02\/Cucina-per-le-intolleranze-768x511.png 768w, https:\/\/www.abf.eu\/bergamo\/wp-content\/uploads\/sites\/3\/2026\/02\/Cucina-per-le-intolleranze-600x400.png 600w\" sizes=\"auto, (max-width: 1000px) 100vw, 1000px\" \/><\/figure>\n\n\n\n<p>Negli ultimi anni la cucina sta ampliando i propri orizzonti, integrando <strong>ingredienti alternativi<\/strong> e nuove tecniche capaci di <strong>rispondere alle esigenze alimentari<\/strong>. Intolleranze, allergie e scelte alimentari consapevoli diventano uno stimolo alla creativit\u00e0!<\/p>\n\n\n\n<p><strong>Cucina per le Intolleranze<\/strong> \u00e8 dedicato alla realizzazione di piatti gustosi e bilanciati, naturalmente privi dei principali allergeni e ricchi di ingredienti vegetali. Lavorerete su <strong>farine alternative prive di glutine<\/strong>, <strong>sostituti di latticini e uova<\/strong> e utilizzo consapevole di <strong>proteine vegetali<\/strong>.<\/p>\n\n\n\n<p>Il corso \u00e8 aperto a tutti gli appassionati e ai professionisti del settore. Il corso si terr\u00e0 il <strong>22 e <\/strong>il <strong>29 aprile<\/strong> <strong>dalle 17.30 alle 21.30<\/strong>. Il corso ha una durata complessiva di 8 ore.<\/p>\n\n\n\n<p><em><strong>Pur prestando la massima attenzione durante le lavorazioni, non possiamo garantire l\u2019assenza di contaminazioni da allergeni.<\/strong><\/em><\/p>\n\n\n\n<p class=\"has-text-align-center\"><strong>Puoi iscriverti al corso cliccando sul pulsante \u201cISCRIVITI\u201d sottostante.<\/strong><\/p>\n\n\n\n<div style=\"height:15px\" aria-hidden=\"true\" class=\"wp-block-spacer\"><\/div>\n\n\n\n<div class=\"wp-block-buttons is-content-justification-center is-layout-flex wp-container-core-buttons-is-layout-16018d1d wp-block-buttons-is-layout-flex\">\n<div class=\"wp-block-button\"><a class=\"wp-block-button__link wp-element-button\" href=\"https:\/\/www.gestcfp.com\/portale\/abf\/web\/preiscrizioni\/dashboard\/preiscrizioni.php?dom=0&amp;cod_corso=B6HA09&amp;anno_corso=CFP%20%20%20%20%202026&amp;isc=0\">ISCRIVITI<\/a><\/div>\n<\/div>\n\n\n\n<div style=\"height:35px\" aria-hidden=\"true\" class=\"wp-block-spacer\"><\/div>\n\n\n\n<hr class=\"wp-block-separator has-alpha-channel-opacity\"\/>\n\n\n\n<h2 class=\"wp-block-heading\"><strong>Speciale carni e arrosti: tecniche e ricette di approfondimento<\/strong><\/h2>\n\n\n\n<p>\ud83d\udcc5 <strong>20 e 26 maggio 2026<\/strong><br>\ud83d\udd52 <strong>8 ore<\/strong> <br>\ud83d\udcb6 <strong>120\u20ac<\/strong><\/p>\n\n\n\n<figure class=\"wp-block-image size-full\"><img loading=\"lazy\" decoding=\"async\" width=\"1000\" height=\"666\" src=\"https:\/\/www.abf.eu\/bergamo\/wp-content\/uploads\/sites\/3\/2026\/02\/Speciale-carni-e-arrosti-.png\" alt=\"\" class=\"wp-image-25625\" srcset=\"https:\/\/www.abf.eu\/bergamo\/wp-content\/uploads\/sites\/3\/2026\/02\/Speciale-carni-e-arrosti-.png 1000w, https:\/\/www.abf.eu\/bergamo\/wp-content\/uploads\/sites\/3\/2026\/02\/Speciale-carni-e-arrosti--300x200.png 300w, https:\/\/www.abf.eu\/bergamo\/wp-content\/uploads\/sites\/3\/2026\/02\/Speciale-carni-e-arrosti--768x511.png 768w, https:\/\/www.abf.eu\/bergamo\/wp-content\/uploads\/sites\/3\/2026\/02\/Speciale-carni-e-arrosti--600x400.png 600w\" sizes=\"auto, (max-width: 1000px) 100vw, 1000px\" \/><\/figure>\n\n\n\n<p>Un modulo pensato per chi vuole andare oltre le preparazioni tradizionali e acquisire maggiore precisione e padronanza nella preparazione di carni e arrosti.<\/p>\n\n\n\n<p>Durante il corso lavorerai sul metodo: <strong>organizzazione del lavoro<\/strong>, <strong>gestione delle cotture<\/strong>, <strong>costruzione del piatto<\/strong> e valorizzazione della materia prima. Comprenderai come strutturare un piatto di terra in modo coerente, valorizzando abbinamenti e contrasti.<\/p>\n\n\n\n<p>&#8220;Speciale carni e arrosti: tecniche e ricette di approfondimento&#8221; \u00e8 aperto a chi desidera proseguire il proprio percorso formativo o a chi, pur non avendo frequentato il base, sente di possedere gi\u00e0 una solida dimestichezza con le preparazioni fondamentali. Il corso si terr\u00e0 il <strong>20<\/strong> <strong>e 26 maggio<\/strong> dalle 17.30 alle 21.30 per un totale di 8 ore.<\/p>\n\n\n\n<p class=\"has-text-align-center\"><strong>Puoi iscriverti al corso cliccando sul pulsante \u201cISCRIVITI\u201d sottostante.<\/strong><\/p>\n\n\n\n<div style=\"height:15px\" aria-hidden=\"true\" class=\"wp-block-spacer\"><\/div>\n\n\n\n<div class=\"wp-block-buttons is-content-justification-center is-layout-flex wp-container-core-buttons-is-layout-16018d1d wp-block-buttons-is-layout-flex\">\n<div class=\"wp-block-button\"><a class=\"wp-block-button__link wp-element-button\" href=\"https:\/\/www.gestcfp.com\/portale\/abf\/web\/preiscrizioni\/dashboard\/preiscrizioni.php?dom=0&amp;cod_corso=B6HA11&amp;anno_corso=CFP%20%20%20%20%202026&amp;isc=0\">ISCRIVITI<\/a><\/div>\n<\/div>\n\n\n\n<div style=\"height:35px\" aria-hidden=\"true\" class=\"wp-block-spacer\"><\/div>\n\n\n\n<hr class=\"wp-block-separator has-alpha-channel-opacity\"\/>\n\n\n\n<h2 class=\"wp-block-heading\"><strong>Speciale cucina di mare: tecniche e ricette di approfondimento<\/strong><\/h2>\n\n\n\n<p>\ud83d\udcc5 <strong>17 e 24 giugno 2026<\/strong><br>\ud83d\udd52 <strong>8 ore<\/strong> <br>\ud83d\udcb6 <strong>120\u20ac<\/strong><\/p>\n\n\n\n<figure class=\"wp-block-image size-full\"><img loading=\"lazy\" decoding=\"async\" width=\"1000\" height=\"666\" src=\"https:\/\/www.abf.eu\/bergamo\/wp-content\/uploads\/sites\/3\/2026\/02\/Speciale-cucina-di-mare.png\" alt=\"\" class=\"wp-image-25627\" srcset=\"https:\/\/www.abf.eu\/bergamo\/wp-content\/uploads\/sites\/3\/2026\/02\/Speciale-cucina-di-mare.png 1000w, https:\/\/www.abf.eu\/bergamo\/wp-content\/uploads\/sites\/3\/2026\/02\/Speciale-cucina-di-mare-300x200.png 300w, https:\/\/www.abf.eu\/bergamo\/wp-content\/uploads\/sites\/3\/2026\/02\/Speciale-cucina-di-mare-768x511.png 768w, https:\/\/www.abf.eu\/bergamo\/wp-content\/uploads\/sites\/3\/2026\/02\/Speciale-cucina-di-mare-600x400.png 600w\" sizes=\"auto, (max-width: 1000px) 100vw, 1000px\" \/><\/figure>\n\n\n\n<p>Consolida le tue competenze e fai un salto di qualit\u00e0 nella cucina di mare! Il corso \u00e8 dedicato all\u2019<strong>approfondimento delle tecniche di lavorazione<\/strong>, delle <strong>cotture<\/strong> e della <strong>gestione consapevole<\/strong> della materia prima. L\u2019obiettivo \u00e8 sviluppare maggiore sicurezza, precisione e capacit\u00e0 di lavorazione del prodotto, nel rispetto della sua stagionalit\u00e0 e disponibilit\u00e0.<\/p>\n\n\n\n<p>Particolare attenzione sar\u00e0 dedicata all\u2019<strong>equilibrio del piatto<\/strong>: il dialogo tra mare e mondo vegetale diventa elemento centrale come parte integrante della struttura del piatto.<\/p>\n\n\n\n<p>Il modulo \u00e8 rivolto a chi ha gi\u00e0 frequentato il livello base o a chi possiede una buona manualit\u00e0 e desidera perfezionare tecnica e sensibilit\u00e0 gastronomica. Si terr\u00e0 il <strong>17<\/strong> <strong>e<\/strong> il <strong>24 giugno dalle 17.30 alle 21.3<\/strong>0, per un totale di 8 ore.<\/p>\n\n\n\n<p class=\"has-text-align-center\"><strong>Puoi iscriverti al corso cliccando sul pulsante \u201cISCRIVITI\u201d sottostante.<\/strong><\/p>\n\n\n\n<div style=\"height:15px\" aria-hidden=\"true\" class=\"wp-block-spacer\"><\/div>\n\n\n\n<div class=\"wp-block-buttons is-content-justification-center is-layout-flex wp-container-core-buttons-is-layout-16018d1d wp-block-buttons-is-layout-flex\">\n<div class=\"wp-block-button\"><a class=\"wp-block-button__link wp-element-button\" href=\"https:\/\/www.gestcfp.com\/portale\/abf\/web\/preiscrizioni\/dashboard\/preiscrizioni.php?dom=0&amp;cod_corso=B6HA13&amp;anno_corso=CFP%20%20%20%20%202026&amp;isc=0\">ISCRIVITI<\/a><\/div>\n<\/div>\n\n\n\n<div style=\"height:35px\" aria-hidden=\"true\" class=\"wp-block-spacer\"><\/div>\n\n\n\n<hr class=\"wp-block-separator has-alpha-channel-opacity\"\/>\n\n\n\n<h2 class=\"wp-block-heading\">Nelle precedenti edizioni&#8230;<\/h2>\n\n\n\n<h5 class=\"wp-block-heading\">Cucina di mare base<\/h5>\n\n\n\n<p>\ud83d\udcc5 <strong>18 e 25 febbraio 2026<\/strong><br>\ud83d\udd52 <strong>8 ore<\/strong> <br>\ud83d\udcb6 <strong>120\u20ac<\/strong><\/p>\n\n\n\n<figure class=\"wp-block-image size-full\"><img loading=\"lazy\" decoding=\"async\" width=\"1000\" height=\"666\" src=\"https:\/\/www.abf.eu\/bergamo\/wp-content\/uploads\/sites\/3\/2025\/07\/2.png\" alt=\"\" class=\"wp-image-25121\" srcset=\"https:\/\/www.abf.eu\/bergamo\/wp-content\/uploads\/sites\/3\/2025\/07\/2.png 1000w, https:\/\/www.abf.eu\/bergamo\/wp-content\/uploads\/sites\/3\/2025\/07\/2-300x200.png 300w, https:\/\/www.abf.eu\/bergamo\/wp-content\/uploads\/sites\/3\/2025\/07\/2-768x511.png 768w, https:\/\/www.abf.eu\/bergamo\/wp-content\/uploads\/sites\/3\/2025\/07\/2-600x400.png 600w\" sizes=\"auto, (max-width: 1000px) 100vw, 1000px\" \/><\/figure>\n\n\n\n<p>Il corso perfetto per chi vuole tuffarsi, con gusto, nel mondo della cucina di mare!<\/p>\n\n\n\n<p>Tra profumi d\u2019acqua salata, tecniche di pulizia e cotture delicate, scoprirai come<strong> valorizzare al meglio pesci e frutti di mare<\/strong>, imparando a riconoscerne la freschezza, a prepararli e a cucinarli con metodo per ottenere piatti leggeri, aromatici e\u2026 decisamente irresistibili. Questo primo modulo \u00e8 adatto anche ai principianti ed \u00e8 pensato per farti sperimentare, conoscere nuovi prodotti ittici e divertirti in compagnia di altri appassionati di cucina.<\/p>\n\n\n\n<p>Il corso si sviluppa in due serate da 4 ore ciascuna: <strong>18 e 25 febbraio<\/strong>, dalle <strong>17.30 alle 21.30<\/strong>.<\/p>\n\n\n\n<p class=\"has-text-align-center\"><strong>Puoi iscriverti al corso cliccando sul pulsante \u201cISCRIVITI\u201d sottostante.<\/strong><\/p>\n\n\n\n<div style=\"height:15px\" aria-hidden=\"true\" class=\"wp-block-spacer\"><\/div>\n\n\n\n<div class=\"wp-block-buttons is-content-justification-center is-layout-flex wp-container-core-buttons-is-layout-16018d1d wp-block-buttons-is-layout-flex\">\n<div class=\"wp-block-button\"><a class=\"wp-block-button__link wp-element-button\" href=\"mailto:formazione.bergamo@abf.eu\">RICHIEDI INFORMAZIONI<\/a><\/div>\n<\/div>\n\n\n\n<div style=\"height:35px\" aria-hidden=\"true\" class=\"wp-block-spacer\"><\/div>\n\n\n\n<hr class=\"wp-block-separator has-alpha-channel-opacity\"\/>\n\n\n\n<h5 class=\"wp-block-heading\">Carni e arrosti base<\/h5>\n\n\n\n<p>\ud83d\udcc5 <strong>4 e 11 febbraio 2026<\/strong><br>\ud83d\udd52 <strong>8 ore<\/strong> <br>\ud83d\udcb6 <strong>120\u20ac<\/strong><\/p>\n\n\n\n<figure class=\"wp-block-image size-full\"><img loading=\"lazy\" decoding=\"async\" width=\"1000\" height=\"666\" src=\"https:\/\/www.abf.eu\/bergamo\/wp-content\/uploads\/sites\/3\/2025\/07\/1.png\" alt=\"\" class=\"wp-image-25120\" srcset=\"https:\/\/www.abf.eu\/bergamo\/wp-content\/uploads\/sites\/3\/2025\/07\/1.png 1000w, https:\/\/www.abf.eu\/bergamo\/wp-content\/uploads\/sites\/3\/2025\/07\/1-300x200.png 300w, https:\/\/www.abf.eu\/bergamo\/wp-content\/uploads\/sites\/3\/2025\/07\/1-768x511.png 768w, https:\/\/www.abf.eu\/bergamo\/wp-content\/uploads\/sites\/3\/2025\/07\/1-600x400.png 600w\" sizes=\"auto, (max-width: 1000px) 100vw, 1000px\" \/><\/figure>\n\n\n\n<p>Il corso ideale per chi vuole scoprire i segreti della cucina di carne\u2026 senza bruciare nemmeno un\u2019occasione!<\/p>\n\n\n\n<p>Tra tagli, cotture e profumi, imparerai a scegliere la <strong>carne<\/strong> giusta, a <strong>lavorarla<\/strong> e a <strong>cucinarla<\/strong> <strong>con i metodi pi\u00f9 adatti <\/strong>per esaltarne sapori e consistenza. E non finisce qui: creare un fondo perfetto, usare spezie con criterio e abbinare contorni che valorizzino ogni aroma diventer\u00e0 parte del tuo nuovo \u201carsenale\u201d culinario.<\/p>\n\n\n\n<p>Il corso \u00e8 adatto anche ai principianti e si sviluppa in due serate da 4 ore ciascuna: il <strong>4 <\/strong>e l&#8217;<strong>11 febbraio<\/strong>, dalle <strong>17.30 alle 21.30<\/strong>, per un totale di 8 ore.<\/p>\n\n\n\n<p class=\"has-text-align-center\"><strong>Puoi iscriverti al corso cliccando sul pulsante \u201cISCRIVITI\u201d sottostante.<\/strong><\/p>\n\n\n\n<div style=\"height:15px\" aria-hidden=\"true\" class=\"wp-block-spacer\"><\/div>\n\n\n\n<div class=\"wp-block-buttons is-content-justification-center is-layout-flex wp-container-core-buttons-is-layout-16018d1d wp-block-buttons-is-layout-flex\">\n<div class=\"wp-block-button\"><a class=\"wp-block-button__link wp-element-button\" href=\"mailto:formazione.bergamo@abf.eu\">RICHIEDI INFORMAZIONI<\/a><\/div>\n<\/div>\n\n\n\n<div style=\"height:35px\" aria-hidden=\"true\" class=\"wp-block-spacer\"><\/div>\n\n\n\n<hr class=\"wp-block-separator has-alpha-channel-opacity\"\/>\n\n\n\n<h5 class=\"wp-block-heading\">Cucina amatoriale base<\/h5>\n\n\n\n<p>\ud83d\udcc5 <strong>17 settembre 2025<\/strong><br>\ud83d\udd52 <strong>15 ore<\/strong> <br>\ud83d\udcb6 <strong>190\u20ac<\/strong><\/p>\n\n\n\n<figure class=\"wp-block-image size-full\"><img loading=\"lazy\" decoding=\"async\" width=\"1000\" height=\"667\" src=\"https:\/\/www.abf.eu\/bergamo\/wp-content\/uploads\/sites\/3\/2023\/11\/cucina-base-1.jpg\" alt=\"\" class=\"wp-image-19959\" srcset=\"https:\/\/www.abf.eu\/bergamo\/wp-content\/uploads\/sites\/3\/2023\/11\/cucina-base-1.jpg 1000w, https:\/\/www.abf.eu\/bergamo\/wp-content\/uploads\/sites\/3\/2023\/11\/cucina-base-1-300x200.jpg 300w, https:\/\/www.abf.eu\/bergamo\/wp-content\/uploads\/sites\/3\/2023\/11\/cucina-base-1-768x512.jpg 768w, https:\/\/www.abf.eu\/bergamo\/wp-content\/uploads\/sites\/3\/2023\/11\/cucina-base-1-600x400.jpg 600w\" sizes=\"auto, (max-width: 1000px) 100vw, 1000px\" \/><\/figure>\n\n\n\n<p>Il corso perfetto per chi vuole entrare nel mondo della cucina con il piede giusto (e il mestolo in mano)!<\/p>\n\n\n\n<p>Tra coltelli, padelle e profumi invitanti, imparerai le tecniche base per cucinare piatti da vero chef e lasciare amici e parenti a bocca aperta! Con la guida esperta dello chef <strong>Baggi Walter<\/strong>, collaboratore di ABF da diversi anni, scoprirai quanto pu\u00f2 essere divertente (e gustoso) mettersi ai fornelli.<\/p>\n\n\n\n<p>Il corso \u00e8 adatto ai principianti e si divide in quattro serate: due della durata di 4 ore e due della durata di 3 ore e mezza, per quattro mercoled\u00ec di fila a partire dalle 17.30 del 17 settembre.<\/p>\n\n\n\n<p class=\"has-text-align-center\"><strong>Puoi iscriverti al corso cliccando sul pulsante \u201cISCRIVITI\u201d sottostante.<\/strong><\/p>\n\n\n\n<div style=\"height:15px\" aria-hidden=\"true\" class=\"wp-block-spacer\"><\/div>\n\n\n\n<div class=\"wp-block-buttons is-content-justification-center is-layout-flex wp-container-core-buttons-is-layout-16018d1d wp-block-buttons-is-layout-flex\">\n<div class=\"wp-block-button\"><a class=\"wp-block-button__link wp-element-button\" href=\"mailto:formazione.bergamo@abf.eu\">RICHIEDI INFORMAZIONI<\/a><\/div>\n<\/div>\n\n\n\n<div style=\"height:35px\" aria-hidden=\"true\" class=\"wp-block-spacer\"><\/div>\n\n\n\n<hr class=\"wp-block-separator has-alpha-channel-opacity\"\/>\n\n\n\n<h5 class=\"wp-block-heading\"><strong>Pasta fresca e ripiena<\/strong><\/h5>\n\n\n\n<p>\ud83d\udcc5 <strong>5 e 12 novembre 2025<\/strong><br>\ud83d\udd52 <strong>8 ore<\/strong> <br>\ud83d\udcb6 <strong>120\u20ac<\/strong><\/p>\n\n\n\n<figure class=\"wp-block-image size-full\"><img loading=\"lazy\" decoding=\"async\" width=\"1000\" height=\"666\" src=\"https:\/\/www.abf.eu\/bergamo\/wp-content\/uploads\/sites\/3\/2025\/07\/Pasta-fresca.png\" alt=\"\" class=\"wp-image-24470\" srcset=\"https:\/\/www.abf.eu\/bergamo\/wp-content\/uploads\/sites\/3\/2025\/07\/Pasta-fresca.png 1000w, https:\/\/www.abf.eu\/bergamo\/wp-content\/uploads\/sites\/3\/2025\/07\/Pasta-fresca-300x200.png 300w, https:\/\/www.abf.eu\/bergamo\/wp-content\/uploads\/sites\/3\/2025\/07\/Pasta-fresca-768x511.png 768w, https:\/\/www.abf.eu\/bergamo\/wp-content\/uploads\/sites\/3\/2025\/07\/Pasta-fresca-600x400.png 600w\" sizes=\"auto, (max-width: 1000px) 100vw, 1000px\" \/><\/figure>\n\n\n\n<p>Impastare, tirare la sfoglia e riempire i ravioli: tutto con le <strong>tue mani<\/strong>! In sole due serate imparerai a realizzare la pasta fresca come si faceva una volta. Farine, sfoglie, tortelli e ravioli saranno i temi centrali del corso.<\/p>\n\n\n\n<p>Tra segreti da nonne e dritte da chef, tornerai a casa con la voglia di rifarlo\u2026 e rifarlo ancora!<\/p>\n\n\n\n<p>Il corso \u00e8 adatto anche ai principianti e si terr\u00e0 il 5 e il 12 novembre dalle 17.30 alle 21.30.<\/p>\n\n\n\n<p class=\"has-text-align-center\"><strong>Puoi iscriverti al corso cliccando sul pulsante \u201cISCRIVITI\u201d sottostante.<\/strong><\/p>\n\n\n\n<div style=\"height:15px\" aria-hidden=\"true\" class=\"wp-block-spacer\"><\/div>\n\n\n\n<div class=\"wp-block-buttons is-content-justification-center is-layout-flex wp-container-core-buttons-is-layout-16018d1d wp-block-buttons-is-layout-flex\">\n<div class=\"wp-block-button\"><a class=\"wp-block-button__link wp-element-button\" href=\"mailto:formazione.bergamo@abf.eu\">RICHIEDI INFORMAZIONI<\/a><\/div>\n<\/div>\n\n\n\n<div style=\"height:35px\" aria-hidden=\"true\" class=\"wp-block-spacer\"><\/div>\n\n\n\n<hr class=\"wp-block-separator has-alpha-channel-opacity\"\/>\n\n\n\n<h5 class=\"wp-block-heading\"><strong>Ulteriori informazioni<\/strong><\/h5>\n\n\n\n<p>I corsi si terranno nel nostro attrezzato laboratorio di Showcooking, presso ABF Bergamo, dotato di postazioni singole per permettere a ciascuno di lavorare al meglio e in autonomia sotto la guida dello chef. ABF fornir\u00e0 tutto il necessario alla partecipazione.<\/p>\n\n\n\n<p>\u00c8 previsto un numero limitato di partecipanti al fine di poter curare in modo pi\u00f9 attento la didattica e le esigenze di ciascun corsista. \u00c8 richiesto che tutti i partecipanti siano maggiorenni.<\/p>\n\n\n\n<h5 class=\"wp-block-heading\">Contatti<\/h5>\n\n\n\n<p>Per avere ulteriori informazioni chiama la segreteria allo 035.3693723 o invia una mail a <a href=\"mailto:formazione.bergamo@abf.eu\">formazione.bergamo@abf.eu<\/a>.<\/p>\n\n\n\n<hr class=\"wp-block-separator has-alpha-channel-opacity\"\/>\n\n\n\n<div id=\"linkcontent-block_687f56fc6b5ec\" class=\"link-content \">\n    <a class='animated-arrow font-weight-bold' href='https:\/\/www.abf.eu\/bergamo\/wp-content\/uploads\/sites\/3\/2026\/03\/BG-Cooking-lab.pdf' target=\"_blank\">\n        <span class='the-arrow -left'>\n            <span class='shaft'><\/span>\n        <\/span>\n        <span class='main'>\n            <span class='text'>Scarica e condividi la locandina<\/span>\n            <span class='the-arrow -right'>\n                <span class='shaft'><\/span>\n            <\/span>\n        <\/span>\n    <\/a>\n<\/div>\n\n\n","protected":false},"featured_media":24469,"parent":0,"template":"","class_list":["post-24399","corsi","type-corsi","status-publish","has-post-thumbnail","hentry","macrocategoria-corsi-adulti","tipologia-corsi-cucina-e-ristorazione"],"yoast_head":"<!-- This site is optimized with the Yoast SEO plugin v25.8 - https:\/\/yoast.com\/wordpress\/plugins\/seo\/ -->\n<title>Cooking Lab - Bergamo<\/title>\n<meta name=\"description\" content=\"A partire dal mese di settembre ABF Bergamo \u00e8 lieta di presentare una serie di Cooking lab dedicati al mondo della cucina!\" \/>\n<meta name=\"robots\" content=\"index, follow, max-snippet:-1, max-image-preview:large, max-video-preview:-1\" \/>\n<link rel=\"canonical\" href=\"https:\/\/www.abf.eu\/bergamo\/corsi\/cooking-lab\/\" \/>\n<meta property=\"og:locale\" content=\"it_IT\" \/>\n<meta property=\"og:type\" content=\"article\" \/>\n<meta property=\"og:title\" content=\"Cooking Lab - Bergamo\" \/>\n<meta property=\"og:description\" content=\"A partire dal mese di settembre ABF Bergamo \u00e8 lieta di presentare una serie di Cooking lab dedicati al mondo della cucina!\" \/>\n<meta property=\"og:url\" content=\"https:\/\/www.abf.eu\/bergamo\/corsi\/cooking-lab\/\" \/>\n<meta property=\"og:site_name\" content=\"Bergamo\" \/>\n<meta property=\"article:modified_time\" content=\"2026-04-23T10:49:55+00:00\" \/>\n<meta property=\"og:image\" content=\"https:\/\/www.abf.eu\/bergamo\/wp-content\/uploads\/sites\/3\/2025\/07\/Cooking-lab.png\" \/>\n\t<meta property=\"og:image:width\" content=\"1000\" \/>\n\t<meta property=\"og:image:height\" content=\"666\" \/>\n\t<meta property=\"og:image:type\" content=\"image\/png\" \/>\n<meta name=\"twitter:card\" content=\"summary_large_image\" \/>\n<meta name=\"twitter:label1\" content=\"Tempo di lettura stimato\" \/>\n\t<meta name=\"twitter:data1\" content=\"9 minuti\" \/>\n<script type=\"application\/ld+json\" class=\"yoast-schema-graph\">{\"@context\":\"https:\/\/schema.org\",\"@graph\":[{\"@type\":\"WebPage\",\"@id\":\"https:\/\/www.abf.eu\/bergamo\/corsi\/cooking-lab\/\",\"url\":\"https:\/\/www.abf.eu\/bergamo\/corsi\/cooking-lab\/\",\"name\":\"Cooking Lab - Bergamo\",\"isPartOf\":{\"@id\":\"https:\/\/www.abf.eu\/bergamo\/#website\"},\"primaryImageOfPage\":{\"@id\":\"https:\/\/www.abf.eu\/bergamo\/corsi\/cooking-lab\/#primaryimage\"},\"image\":{\"@id\":\"https:\/\/www.abf.eu\/bergamo\/corsi\/cooking-lab\/#primaryimage\"},\"thumbnailUrl\":\"https:\/\/www.abf.eu\/bergamo\/wp-content\/uploads\/sites\/3\/2025\/07\/Cooking-lab.png\",\"datePublished\":\"2026-03-03T10:26:36+00:00\",\"dateModified\":\"2026-04-23T10:49:55+00:00\",\"description\":\"A partire dal mese di settembre ABF Bergamo \u00e8 lieta di presentare una serie di Cooking lab dedicati al mondo della cucina!\",\"breadcrumb\":{\"@id\":\"https:\/\/www.abf.eu\/bergamo\/corsi\/cooking-lab\/#breadcrumb\"},\"inLanguage\":\"it-IT\",\"potentialAction\":[{\"@type\":\"ReadAction\",\"target\":[\"https:\/\/www.abf.eu\/bergamo\/corsi\/cooking-lab\/\"]}]},{\"@type\":\"ImageObject\",\"inLanguage\":\"it-IT\",\"@id\":\"https:\/\/www.abf.eu\/bergamo\/corsi\/cooking-lab\/#primaryimage\",\"url\":\"https:\/\/www.abf.eu\/bergamo\/wp-content\/uploads\/sites\/3\/2025\/07\/Cooking-lab.png\",\"contentUrl\":\"https:\/\/www.abf.eu\/bergamo\/wp-content\/uploads\/sites\/3\/2025\/07\/Cooking-lab.png\",\"width\":1000,\"height\":666},{\"@type\":\"BreadcrumbList\",\"@id\":\"https:\/\/www.abf.eu\/bergamo\/corsi\/cooking-lab\/#breadcrumb\",\"itemListElement\":[{\"@type\":\"ListItem\",\"position\":1,\"name\":\"Home\",\"item\":\"https:\/\/www.abf.eu\/bergamo\/\"},{\"@type\":\"ListItem\",\"position\":2,\"name\":\"Cooking Lab\"}]},{\"@type\":\"WebSite\",\"@id\":\"https:\/\/www.abf.eu\/bergamo\/#website\",\"url\":\"https:\/\/www.abf.eu\/bergamo\/\",\"name\":\"Bergamo\",\"description\":\"Ecco un altro sito Abf siti\",\"potentialAction\":[{\"@type\":\"SearchAction\",\"target\":{\"@type\":\"EntryPoint\",\"urlTemplate\":\"https:\/\/www.abf.eu\/bergamo\/?s={search_term_string}\"},\"query-input\":{\"@type\":\"PropertyValueSpecification\",\"valueRequired\":true,\"valueName\":\"search_term_string\"}}],\"inLanguage\":\"it-IT\"}]}<\/script>\n<!-- \/ Yoast SEO plugin. -->","yoast_head_json":{"title":"Cooking Lab - Bergamo","description":"A partire dal mese di settembre ABF Bergamo \u00e8 lieta di presentare una serie di Cooking lab dedicati al mondo della cucina!","robots":{"index":"index","follow":"follow","max-snippet":"max-snippet:-1","max-image-preview":"max-image-preview:large","max-video-preview":"max-video-preview:-1"},"canonical":"https:\/\/www.abf.eu\/bergamo\/corsi\/cooking-lab\/","og_locale":"it_IT","og_type":"article","og_title":"Cooking Lab - Bergamo","og_description":"A partire dal mese di settembre ABF Bergamo \u00e8 lieta di presentare una serie di Cooking lab dedicati al mondo della cucina!","og_url":"https:\/\/www.abf.eu\/bergamo\/corsi\/cooking-lab\/","og_site_name":"Bergamo","article_modified_time":"2026-04-23T10:49:55+00:00","og_image":[{"width":1000,"height":666,"url":"https:\/\/www.abf.eu\/bergamo\/wp-content\/uploads\/sites\/3\/2025\/07\/Cooking-lab.png","type":"image\/png"}],"twitter_card":"summary_large_image","twitter_misc":{"Tempo di lettura stimato":"9 minuti"},"schema":{"@context":"https:\/\/schema.org","@graph":[{"@type":"WebPage","@id":"https:\/\/www.abf.eu\/bergamo\/corsi\/cooking-lab\/","url":"https:\/\/www.abf.eu\/bergamo\/corsi\/cooking-lab\/","name":"Cooking Lab - Bergamo","isPartOf":{"@id":"https:\/\/www.abf.eu\/bergamo\/#website"},"primaryImageOfPage":{"@id":"https:\/\/www.abf.eu\/bergamo\/corsi\/cooking-lab\/#primaryimage"},"image":{"@id":"https:\/\/www.abf.eu\/bergamo\/corsi\/cooking-lab\/#primaryimage"},"thumbnailUrl":"https:\/\/www.abf.eu\/bergamo\/wp-content\/uploads\/sites\/3\/2025\/07\/Cooking-lab.png","datePublished":"2026-03-03T10:26:36+00:00","dateModified":"2026-04-23T10:49:55+00:00","description":"A partire dal mese di settembre ABF Bergamo \u00e8 lieta di presentare una serie di Cooking lab dedicati al mondo della cucina!","breadcrumb":{"@id":"https:\/\/www.abf.eu\/bergamo\/corsi\/cooking-lab\/#breadcrumb"},"inLanguage":"it-IT","potentialAction":[{"@type":"ReadAction","target":["https:\/\/www.abf.eu\/bergamo\/corsi\/cooking-lab\/"]}]},{"@type":"ImageObject","inLanguage":"it-IT","@id":"https:\/\/www.abf.eu\/bergamo\/corsi\/cooking-lab\/#primaryimage","url":"https:\/\/www.abf.eu\/bergamo\/wp-content\/uploads\/sites\/3\/2025\/07\/Cooking-lab.png","contentUrl":"https:\/\/www.abf.eu\/bergamo\/wp-content\/uploads\/sites\/3\/2025\/07\/Cooking-lab.png","width":1000,"height":666},{"@type":"BreadcrumbList","@id":"https:\/\/www.abf.eu\/bergamo\/corsi\/cooking-lab\/#breadcrumb","itemListElement":[{"@type":"ListItem","position":1,"name":"Home","item":"https:\/\/www.abf.eu\/bergamo\/"},{"@type":"ListItem","position":2,"name":"Cooking Lab"}]},{"@type":"WebSite","@id":"https:\/\/www.abf.eu\/bergamo\/#website","url":"https:\/\/www.abf.eu\/bergamo\/","name":"Bergamo","description":"Ecco un altro sito Abf siti","potentialAction":[{"@type":"SearchAction","target":{"@type":"EntryPoint","urlTemplate":"https:\/\/www.abf.eu\/bergamo\/?s={search_term_string}"},"query-input":{"@type":"PropertyValueSpecification","valueRequired":true,"valueName":"search_term_string"}}],"inLanguage":"it-IT"}]}},"_links":{"self":[{"href":"https:\/\/www.abf.eu\/bergamo\/wp-json\/wp\/v2\/corsi\/24399","targetHints":{"allow":["GET"]}}],"collection":[{"href":"https:\/\/www.abf.eu\/bergamo\/wp-json\/wp\/v2\/corsi"}],"about":[{"href":"https:\/\/www.abf.eu\/bergamo\/wp-json\/wp\/v2\/types\/corsi"}],"wp:featuredmedia":[{"embeddable":true,"href":"https:\/\/www.abf.eu\/bergamo\/wp-json\/wp\/v2\/media\/24469"}],"wp:attachment":[{"href":"https:\/\/www.abf.eu\/bergamo\/wp-json\/wp\/v2\/media?parent=24399"}],"curies":[{"name":"wp","href":"https:\/\/api.w.org\/{rel}","templated":true}]}}