{"id":24400,"date":"2026-02-01T12:18:23","date_gmt":"2026-02-01T11:18:23","guid":{"rendered":"https:\/\/www.abf.eu\/bergamo\/?post_type=corsi&#038;p=24400"},"modified":"2026-04-23T14:05:28","modified_gmt":"2026-04-23T12:05:28","slug":"pastry-bakery-lab","status":"publish","type":"corsi","link":"https:\/\/www.abf.eu\/bergamo\/corsi\/pastry-bakery-lab\/","title":{"rendered":"Pastry &amp; Bakery Lab"},"content":{"rendered":"\n<h3 class=\"wp-block-heading\">Profumo di dolci e pane appena sfornato: arrivano i nuovi corsi Pastry &amp; Bakery Lab!<\/h3>\n\n\n\n<p>Se ami sfornare pane e dolci o vuoi finalmente capire come si fa una pasta frolla come si deve, da settembre troverai il corso che fa per te!<\/p>\n\n\n\n<p>ABF Bergamo propone diversi corsi dedicati alla pasticceria e alla panetteria come il corso di <strong>pasticceria amatoriale base<\/strong>, perfetto per chi vuole cominciare dalle basi, e percorsi pi\u00f9 specifici per chi vuole <strong>sperimentare nuove tecniche<\/strong> o affrontare esigenze alimentari diverse.<\/p>\n\n\n\n<p>Che tu voglia concederti qualche serata golosa dedicata alla tua passione o che stia cercando un primo passo per trasformarla in qualcosa di pi\u00f9, i nostri laboratori ti aspettano\u2026 con il grembiule indosso!<\/p>\n\n\n\n<p><strong>Iscriversi \u00e8 semplicissimo<\/strong>: basta cliccare sul pulsante \u201cISCRIZIONE\u201d che trovi sotto ogni corso.<\/p>\n\n\n\n<hr class=\"wp-block-separator has-alpha-channel-opacity\"\/>\n\n\n\n<h2 class=\"wp-block-heading\">Crostate innovative<\/h2>\n\n\n\n<p>\ud83d\udcc5 <strong>23 e 30 maggio 2026<\/strong><br>\ud83d\udd52 <strong>10 ore<\/strong> <br>\ud83d\udcb6 <strong>150\u20ac<\/strong><\/p>\n\n\n\n<figure class=\"wp-block-image size-full\"><img loading=\"lazy\" decoding=\"async\" width=\"1000\" height=\"666\" src=\"https:\/\/www.abf.eu\/bergamo\/wp-content\/uploads\/sites\/3\/2026\/01\/Crostate.png\" alt=\"\" class=\"wp-image-25511\" srcset=\"https:\/\/www.abf.eu\/bergamo\/wp-content\/uploads\/sites\/3\/2026\/01\/Crostate.png 1000w, https:\/\/www.abf.eu\/bergamo\/wp-content\/uploads\/sites\/3\/2026\/01\/Crostate-300x200.png 300w, https:\/\/www.abf.eu\/bergamo\/wp-content\/uploads\/sites\/3\/2026\/01\/Crostate-768x511.png 768w, https:\/\/www.abf.eu\/bergamo\/wp-content\/uploads\/sites\/3\/2026\/01\/Crostate-600x400.png 600w\" sizes=\"auto, (max-width: 1000px) 100vw, 1000px\" \/><\/figure>\n\n\n\n<p>Durante il modulo di pasticceria sulle Crostate innovative ti insegneranno <strong>basi croccanti e ripieni creativi<\/strong>, impapererai a creare diversi sapori e texture, dal <strong>frangipane<\/strong> alle <strong>creme<\/strong>, con una <strong>presentazione finale pulita<\/strong> ma golosa\u2026 l\u2019innovazione diventer\u00e0 irresistibile!<br><\/p>\n\n\n\n<p>Le lezioni si terranno al sabato mattina, nelle giornate del <strong>23 e 30 maggio dalle 8:30 alle 13:30<\/strong>.<\/p>\n\n\n\n<p class=\"has-text-align-center\"><strong>Puoi iscriverti al corso cliccando sul pulsante \u201cISCRIVITI\u201d sottostante.<\/strong><\/p>\n\n\n\n<div class=\"wp-block-buttons is-content-justification-center is-layout-flex wp-container-core-buttons-is-layout-16018d1d wp-block-buttons-is-layout-flex\">\n<div class=\"wp-block-button\"><a class=\"wp-block-button__link wp-element-button\" href=\"formazione.bergamo@abf.eu\">RICHIEDI INFORMAZIONI<\/a><\/div>\n<\/div>\n\n\n\n<div style=\"height:35px\" aria-hidden=\"true\" class=\"wp-block-spacer\"><\/div>\n\n\n\n<hr class=\"wp-block-separator has-alpha-channel-opacity\"\/>\n\n\n\n<h2 class=\"wp-block-heading\">Brioches e croissant<\/h2>\n\n\n\n<p>\ud83d\udcc5 <strong>10 e 11 aprile 2026<\/strong><br>\ud83d\udd52 <strong>10 ore<\/strong> <br>\ud83d\udcb6 <strong>150\u20ac<\/strong><\/p>\n\n\n\n<figure class=\"wp-block-image size-full\"><img loading=\"lazy\" decoding=\"async\" width=\"1000\" height=\"666\" src=\"https:\/\/www.abf.eu\/bergamo\/wp-content\/uploads\/sites\/3\/2026\/01\/Brioche.png\" alt=\"\" class=\"wp-image-25510\" srcset=\"https:\/\/www.abf.eu\/bergamo\/wp-content\/uploads\/sites\/3\/2026\/01\/Brioche.png 1000w, https:\/\/www.abf.eu\/bergamo\/wp-content\/uploads\/sites\/3\/2026\/01\/Brioche-300x200.png 300w, https:\/\/www.abf.eu\/bergamo\/wp-content\/uploads\/sites\/3\/2026\/01\/Brioche-768x511.png 768w, https:\/\/www.abf.eu\/bergamo\/wp-content\/uploads\/sites\/3\/2026\/01\/Brioche-600x400.png 600w\" sizes=\"auto, (max-width: 1000px) 100vw, 1000px\" \/><\/figure>\n\n\n\n<p>Chi non ha mai voluto imparare come preparare in casa uno di quei deliziosi cornetti con cui si fa colazione al bar? Due giornate in cui <strong>apprenderai i segreti della lievitazione<\/strong>, della <strong>sfogliatura<\/strong> e di una <strong>farcitura<\/strong> a regola d\u2019arte, per merende e colazioni prive di conservanti e piene di sapore!<\/p>\n\n\n\n<p>Le lezioni si terranno <strong>venerd\u00ec 10 aprile dalle 17 alle 22<\/strong> e <strong>sabato 11 aprile dalle 8:30 alle 13:30<\/strong>.<\/p>\n\n\n\n<p class=\"has-text-align-center\"><strong>Puoi iscriverti al corso cliccando sul pulsante \u201cISCRIVITI\u201d sottostante.<\/strong><\/p>\n\n\n\n<div class=\"wp-block-buttons is-content-justification-center is-layout-flex wp-container-core-buttons-is-layout-16018d1d wp-block-buttons-is-layout-flex\">\n<div class=\"wp-block-button\"><a class=\"wp-block-button__link wp-element-button\" href=\"mailto:formazione.bergamo@abf.eu\">RICHIEDI INFORMAZIONI<\/a><\/div>\n<\/div>\n\n\n\n<div style=\"height:35px\" aria-hidden=\"true\" class=\"wp-block-spacer\"><\/div>\n\n\n\n<hr class=\"wp-block-separator has-alpha-channel-opacity\"\/>\n\n\n\n<h2 class=\"wp-block-heading\"><strong>Piccole decorazione in cake design<\/strong><\/h2>\n\n\n\n<p>\ud83d\udcc5 <strong>4 maggio 2026<\/strong><br>\ud83d\udd52 <strong>12 ore<\/strong> <br>\ud83d\udcb6 <strong>170\u20ac<\/strong><\/p>\n\n\n\n<figure class=\"wp-block-image size-full\"><img loading=\"lazy\" decoding=\"async\" width=\"1000\" height=\"666\" src=\"https:\/\/www.abf.eu\/bergamo\/wp-content\/uploads\/sites\/3\/2023\/04\/cake-design.jpg\" alt=\"Il corso per imparare a realizzare decorazioni per le pi\u00f9 moderne tecniche di cake design in pasta da zucchero\" class=\"wp-image-18989\" srcset=\"https:\/\/www.abf.eu\/bergamo\/wp-content\/uploads\/sites\/3\/2023\/04\/cake-design.jpg 1000w, https:\/\/www.abf.eu\/bergamo\/wp-content\/uploads\/sites\/3\/2023\/04\/cake-design-300x200.jpg 300w, https:\/\/www.abf.eu\/bergamo\/wp-content\/uploads\/sites\/3\/2023\/04\/cake-design-768x511.jpg 768w, https:\/\/www.abf.eu\/bergamo\/wp-content\/uploads\/sites\/3\/2023\/04\/cake-design-600x400.jpg 600w\" sizes=\"auto, (max-width: 1000px) 100vw, 1000px\" \/><\/figure>\n\n\n\n<p>Queste serate ti insegneranno i principi dell\u2019arte della decorazione delle torte grazie alla <strong>realizzazione di semplici decori <\/strong>che potrai ricreare comodamente a casa tua, aggiungendo di volta in volta sempre pi\u00f9 fantasia e creativit\u00e0. <strong>Lavorerai il cioccolato<\/strong> per semplici <strong>decorazioni<\/strong> e creerai bellissimi <strong>fiori in pasta di zucchero<\/strong> per rendere le tue torte un piacere anche per gli occhi (oltre che per il palato)!<\/p>\n\n\n\n<p>Le lezioni si terranno per <strong>tre luned\u00ec consecutivi<\/strong> a partire dal 4 maggio <strong>dalle 17:30 alle 21:30<\/strong>.<\/p>\n\n\n\n<p class=\"has-text-align-center\"><strong>Puoi iscriverti al corso cliccando sul pulsante \u201cISCRIVITI\u201d sottostante.<\/strong><\/p>\n\n\n\n<div class=\"wp-block-buttons is-content-justification-center is-layout-flex wp-container-core-buttons-is-layout-16018d1d wp-block-buttons-is-layout-flex\">\n<div class=\"wp-block-button\"><a class=\"wp-block-button__link wp-element-button\" href=\"mailto:formazione.bergamo@abf.eu\">RICHIEDI INFORMAZIONI<\/a><\/div>\n<\/div>\n\n\n\n<div style=\"height:35px\" aria-hidden=\"true\" class=\"wp-block-spacer\"><\/div>\n\n\n\n<hr class=\"wp-block-separator has-alpha-channel-opacity\"\/>\n\n\n\n<h3 class=\"wp-block-heading\">Nelle edizioni precedenti&#8230;<\/h3>\n\n\n\n<h5 class=\"wp-block-heading\"><strong>Torte all\u2019italiana<\/strong><\/h5>\n\n\n\n<p>\ud83d\udcc5 <strong>21 febbraio 2026<\/strong><br>\ud83d\udd52 <strong>20 ore<\/strong> <br>\ud83d\udcb6 <strong>230\u20ac<\/strong><\/p>\n\n\n\n<figure class=\"wp-block-image size-full\"><img loading=\"lazy\" decoding=\"async\" width=\"1000\" height=\"666\" src=\"https:\/\/www.abf.eu\/bergamo\/wp-content\/uploads\/sites\/3\/2024\/12\/Torte-allitaliana-.png\" alt=\"\" class=\"wp-image-23251\" srcset=\"https:\/\/www.abf.eu\/bergamo\/wp-content\/uploads\/sites\/3\/2024\/12\/Torte-allitaliana-.png 1000w, https:\/\/www.abf.eu\/bergamo\/wp-content\/uploads\/sites\/3\/2024\/12\/Torte-allitaliana--300x200.png 300w, https:\/\/www.abf.eu\/bergamo\/wp-content\/uploads\/sites\/3\/2024\/12\/Torte-allitaliana--768x511.png 768w, https:\/\/www.abf.eu\/bergamo\/wp-content\/uploads\/sites\/3\/2024\/12\/Torte-allitaliana--600x400.png 600w\" sizes=\"auto, (max-width: 1000px) 100vw, 1000px\" \/><\/figure>\n\n\n\n<p>Un corso pensato per approfondire i segreti della pasticceria italiana!<\/p>\n\n\n\n<p>Si affronter\u00e0 la <strong>preparazione dell\u2019intera torta,<\/strong> partendo da diverse basi, come la dacquoise, la meringa e il pan di Spagna con bagna aromatizzata. Si passer\u00e0 poi alle <strong>farciture<\/strong> composte da crema pasticcera, chantilly aromatizzate e gelatina. Sia per la farcitura che per la guarnizione si apprenderanno diversi metodi di utilizzo della <strong>sac a poche<\/strong>. <\/p>\n\n\n\n<p>Vi sar\u00e0 poi anche un piccolo spazio dedicato alle <strong>decorazioni al cioccolato<\/strong>. <\/p>\n\n\n\n<p>A tenere le lezioni sar\u00e0 lo <strong>chef Seghini Pierluigi<\/strong>, con esperienza pluriennale sia nell\u2019arte della pasticceria che dell\u2019insegnamento. <\/p>\n\n\n\n<p>Il corso \u00e8 adatto anche ai principianti e si svolger\u00e0 <strong>dalle 9:00 alle 13:00 <\/strong>di <strong>sabato<\/strong> per cinque sabati a partire dal 21 febbraio.<\/p>\n\n\n\n<p class=\"has-text-align-center\"><strong>Puoi iscriverti al corso cliccando sul pulsante \u201cISCRIVITI\u201d sottostante.<\/strong><\/p>\n\n\n\n<div class=\"wp-block-buttons is-content-justification-center is-layout-flex wp-container-core-buttons-is-layout-16018d1d wp-block-buttons-is-layout-flex\">\n<div class=\"wp-block-button\"><a class=\"wp-block-button__link wp-element-button\" href=\"mailto:formazione.bergamo@abf.eu\">RICHIEDI INFORMAZIONI<\/a><\/div>\n<\/div>\n\n\n\n<div style=\"height:35px\" aria-hidden=\"true\" class=\"wp-block-spacer\"><\/div>\n\n\n\n<hr class=\"wp-block-separator has-alpha-channel-opacity\"\/>\n\n\n\n<h5 class=\"wp-block-heading\"><strong>Pasticceria da chef: la Lombardia<\/strong><\/h5>\n\n\n\n<p>\ud83d\udcc5 <strong>10 marzo 2026<\/strong><br>\ud83d\udd52 <strong>4 ore<\/strong> <br>\ud83d\udcb6 <strong>65\u20ac<\/strong><\/p>\n\n\n\n<figure class=\"wp-block-image size-full\"><img loading=\"lazy\" decoding=\"async\" width=\"1536\" height=\"1024\" src=\"https:\/\/www.abf.eu\/bergamo\/wp-content\/uploads\/sites\/3\/2026\/01\/ChatGPT-Image-7-gen-2026-15_51_21.png\" alt=\"\" class=\"wp-image-25276\" srcset=\"https:\/\/www.abf.eu\/bergamo\/wp-content\/uploads\/sites\/3\/2026\/01\/ChatGPT-Image-7-gen-2026-15_51_21.png 1536w, https:\/\/www.abf.eu\/bergamo\/wp-content\/uploads\/sites\/3\/2026\/01\/ChatGPT-Image-7-gen-2026-15_51_21-300x200.png 300w, https:\/\/www.abf.eu\/bergamo\/wp-content\/uploads\/sites\/3\/2026\/01\/ChatGPT-Image-7-gen-2026-15_51_21-1024x683.png 1024w, https:\/\/www.abf.eu\/bergamo\/wp-content\/uploads\/sites\/3\/2026\/01\/ChatGPT-Image-7-gen-2026-15_51_21-768x512.png 768w, https:\/\/www.abf.eu\/bergamo\/wp-content\/uploads\/sites\/3\/2026\/01\/ChatGPT-Image-7-gen-2026-15_51_21-600x400.png 600w\" sizes=\"auto, (max-width: 1536px) 100vw, 1536px\" \/><\/figure>\n\n\n\n<p>Un piccolo focus sulla pasticceria della nostra amata regione: la <strong>Lombardia<\/strong>! Una serata alla riscoperta di due dei migliori dolci tradizionali: la torta Donizetti e Polenta e osei!&nbsp;<\/p>\n\n\n\n<p>Il modulo &#8220;Pasticceria da chef: la Lombardia&#8221; \u00e8 aperto anche ai principianti, potrai dunque armarti di tanta passione e ABF metter\u00e0 tutto il resto.&nbsp;<\/p>\n\n\n\n<p>La lezione si terr\u00e0 il <strong>10 marzo dalle 17.30 e le 21.30<\/strong> per un totale di 4 ore.<\/p>\n\n\n\n<p class=\"has-text-align-center\"><strong>Puoi iscriverti al corso cliccando sul pulsante \u201cISCRIVITI\u201d sottostante.<\/strong><\/p>\n\n\n\n<div class=\"wp-block-buttons is-content-justification-center is-layout-flex wp-container-core-buttons-is-layout-16018d1d wp-block-buttons-is-layout-flex\">\n<div class=\"wp-block-button\"><a class=\"wp-block-button__link wp-element-button\" href=\"mailto:formazione.bergamo@abf.eu\">RICHIEDI INFORMAZIONI<\/a><\/div>\n<\/div>\n\n\n\n<div style=\"height:35px\" aria-hidden=\"true\" class=\"wp-block-spacer\"><\/div>\n\n\n\n<hr class=\"wp-block-separator has-alpha-channel-opacity\"\/>\n\n\n\n<h5 class=\"wp-block-heading\">Panificatore amatoriale base<\/h5>\n\n\n\n<p>\ud83d\udcc5 <strong>10 febbraio 2026<\/strong><br>\ud83d\udd52 <strong>15 ore<\/strong> <br>\ud83d\udcb6 <strong>190\u20ac<\/strong><\/p>\n\n\n\n<figure class=\"wp-block-image size-full\"><img loading=\"lazy\" decoding=\"async\" width=\"1000\" height=\"666\" src=\"https:\/\/www.abf.eu\/bergamo\/wp-content\/uploads\/sites\/3\/2023\/07\/panificazione-amatoriale-base.png\" alt=\"panificazione amatoriale base\" class=\"wp-image-19541\" srcset=\"https:\/\/www.abf.eu\/bergamo\/wp-content\/uploads\/sites\/3\/2023\/07\/panificazione-amatoriale-base.png 1000w, https:\/\/www.abf.eu\/bergamo\/wp-content\/uploads\/sites\/3\/2023\/07\/panificazione-amatoriale-base-300x200.png 300w, https:\/\/www.abf.eu\/bergamo\/wp-content\/uploads\/sites\/3\/2023\/07\/panificazione-amatoriale-base-768x511.png 768w, https:\/\/www.abf.eu\/bergamo\/wp-content\/uploads\/sites\/3\/2023\/07\/panificazione-amatoriale-base-600x400.png 600w\" sizes=\"auto, (max-width: 1000px) 100vw, 1000px\" \/><\/figure>\n\n\n\n<p>Un corso pensato per farti mettere subito le mani in pasta!<\/p>\n\n\n\n<p>Durante il corso <strong>conoscerai e approfondirai le tecniche di impasto e di lievitazione al fine di realizzare buonissimi panini e deliziose focacce<\/strong>. Dopo la formazione potrai replicare i prodotti e le tecniche di lievitazione a casa tua per stupire amici e parenti!<\/p>\n\n\n\n<p>Il corso \u00e8 adatto anche ai principianti e si terr\u00e0 nelle serate del <strong>10<\/strong>, <strong>12<\/strong>, <strong>17 <\/strong>e <strong>19 febbraio<\/strong>: <strong>dalle 17:30 alle 21:30 il marted\u00ec <\/strong>e <strong>dalle 17:30 alle 21:00 il gioved\u00ec<\/strong>.<\/p>\n\n\n\n<p class=\"has-text-align-center\"><strong>Puoi iscriverti al corso cliccando sul pulsante \u201cISCRIVITI\u201d sottostante.<\/strong><\/p>\n\n\n\n<div style=\"height:15px\" aria-hidden=\"true\" class=\"wp-block-spacer\"><\/div>\n\n\n\n<div class=\"wp-block-buttons is-content-justification-center is-layout-flex wp-container-core-buttons-is-layout-16018d1d wp-block-buttons-is-layout-flex\">\n<div class=\"wp-block-button\"><a class=\"wp-block-button__link wp-element-button\" href=\"mailto:formazione.bergamo@abf.eu\">RICHIEDI INFORMAZIONI<\/a><\/div>\n<\/div>\n\n\n\n<div style=\"height:35px\" aria-hidden=\"true\" class=\"wp-block-spacer\"><\/div>\n\n\n\n<hr class=\"wp-block-separator has-alpha-channel-opacity\"\/>\n\n\n\n<h5 class=\"wp-block-heading\">Pasticceria amatoriale base<\/h5>\n\n\n\n<p>\ud83d\udcc5 <strong>10 ottobre 2025<\/strong><br>\ud83d\udd52 <strong>15 ore<\/strong> <br>\ud83d\udcb6 <strong>190\u20ac<\/strong><\/p>\n\n\n\n<figure class=\"wp-block-image size-full\"><img loading=\"lazy\" decoding=\"async\" width=\"1000\" height=\"666\" src=\"https:\/\/www.abf.eu\/bergamo\/wp-content\/uploads\/sites\/3\/2023\/03\/Corso-di-pasticceria-amatoriale-base.jpg\" alt=\"Pasticceria amatoriale base\" class=\"wp-image-18837\" srcset=\"https:\/\/www.abf.eu\/bergamo\/wp-content\/uploads\/sites\/3\/2023\/03\/Corso-di-pasticceria-amatoriale-base.jpg 1000w, https:\/\/www.abf.eu\/bergamo\/wp-content\/uploads\/sites\/3\/2023\/03\/Corso-di-pasticceria-amatoriale-base-300x200.jpg 300w, https:\/\/www.abf.eu\/bergamo\/wp-content\/uploads\/sites\/3\/2023\/03\/Corso-di-pasticceria-amatoriale-base-768x511.jpg 768w, https:\/\/www.abf.eu\/bergamo\/wp-content\/uploads\/sites\/3\/2023\/03\/Corso-di-pasticceria-amatoriale-base-600x400.jpg 600w\" sizes=\"auto, (max-width: 1000px) 100vw, 1000px\" \/><\/figure>\n\n\n\n<p>Un corso pensato per farti mettere subito le mani in pasta!<\/p>\n\n\n\n<p>Imparerai a preparare le basi della pasticceria: <strong>pasta frolla, pan di Spagna, p\u00e2te \u00e0 choux e le creme principali<\/strong>, per realizzare dolci belli da vedere e buoni da gustare.<br>Niente paura se sei alle prime armi: lo chef <strong>Pierluigi Seghini<\/strong>, con esperienza pluriennale nella pasticceria e nell\u2019insegnamento, ti guider\u00e0 passo passo in questo viaggio tra profumi e zucchero a velo.<\/p>\n\n\n\n<p>Il corso \u00e8 adatto anche ai principianti e si svolger\u00e0 <strong>dalle 17:30<\/strong> in quattro lezioni, due della durata di 4 ore e due della durata di 3 ore e mezza, nelle serate del 10, 14, 17 e 21 ottobre.<\/p>\n\n\n\n<p class=\"has-text-align-center\"><strong>Puoi iscriverti al corso cliccando sul pulsante \u201cISCRIVITI\u201d sottostante.<\/strong><\/p>\n\n\n\n<div style=\"height:15px\" aria-hidden=\"true\" class=\"wp-block-spacer\"><\/div>\n\n\n\n<div class=\"wp-block-buttons is-content-justification-center is-layout-flex wp-container-core-buttons-is-layout-16018d1d wp-block-buttons-is-layout-flex\">\n<div class=\"wp-block-button\"><a class=\"wp-block-button__link wp-element-button\" href=\"mailto:formazione.bergamo@abf.eu\">RICHIEDI INFORMAZIONI<\/a><\/div>\n<\/div>\n\n\n\n<div style=\"height:35px\" aria-hidden=\"true\" class=\"wp-block-spacer\"><\/div>\n\n\n\n<hr class=\"wp-block-separator has-alpha-channel-opacity\"\/>\n\n\n\n<h5 class=\"wp-block-heading\">Pasticceria per le intolleranze<\/h5>\n\n\n\n<p>\ud83d\udcc5 <strong>20 e 21 novembre 2025<\/strong><br>\ud83d\udd52 <strong>8 ore<\/strong> <br>\ud83d\udcb6 <strong>120\u20ac<\/strong><\/p>\n\n\n\n<figure class=\"wp-block-image size-full\"><img loading=\"lazy\" decoding=\"async\" width=\"1000\" height=\"666\" src=\"https:\/\/www.abf.eu\/bergamo\/wp-content\/uploads\/sites\/3\/2025\/07\/Pasticceria-intolleranze.png\" alt=\"\" class=\"wp-image-24473\" srcset=\"https:\/\/www.abf.eu\/bergamo\/wp-content\/uploads\/sites\/3\/2025\/07\/Pasticceria-intolleranze.png 1000w, https:\/\/www.abf.eu\/bergamo\/wp-content\/uploads\/sites\/3\/2025\/07\/Pasticceria-intolleranze-300x200.png 300w, https:\/\/www.abf.eu\/bergamo\/wp-content\/uploads\/sites\/3\/2025\/07\/Pasticceria-intolleranze-768x511.png 768w, https:\/\/www.abf.eu\/bergamo\/wp-content\/uploads\/sites\/3\/2025\/07\/Pasticceria-intolleranze-600x400.png 600w\" sizes=\"auto, (max-width: 1000px) 100vw, 1000px\" \/><\/figure>\n\n\n\n<p>Negli ultimi anni il campo della pasticceria sta espandendo i suoi tradizionali orizzonti. Farine naturalmente <strong>prive di glutine<\/strong>, <strong>alternative a uova<\/strong>,<strong> latte e burro<\/strong>, <strong>sostituzione degli zuccheri raffinati<\/strong>.<\/p>\n\n\n\n<p>Con le due lezioni del nostro corso di Pasticceria per le intolleranze, la pastry chef <strong>Luana Derocati<\/strong> della pasticceria Dolce Sogno vi insegner\u00e0 i migliori trucchi del mestiere per trovare alternative sane, gustose e prive dei principali allergeni per i tuoi dolci!<\/p>\n\n\n\n<p>Il corso \u00e8 aperto a chiunque desideri approfondire l\u2019utilizzo di ingredienti non convenzionali, tuttavia <strong><em>non possiamo garantire l\u2019assenza di contaminazione da farine<\/em><\/strong> o <strong><em>altri prodotti contenenti allergeni<\/em><\/strong>. Le lezioni si terranno il 20 e il 21 novembre dalle 17.30 alle 21.30.<\/p>\n\n\n\n<p class=\"has-text-align-center\"><strong>Puoi iscriverti al corso cliccando sul pulsante \u201cISCRIVITI\u201d sottostante.<\/strong><\/p>\n\n\n\n<div style=\"height:15px\" aria-hidden=\"true\" class=\"wp-block-spacer\"><\/div>\n\n\n\n<div class=\"wp-block-buttons is-content-justification-center is-layout-flex wp-container-core-buttons-is-layout-16018d1d wp-block-buttons-is-layout-flex\">\n<div class=\"wp-block-button\"><a class=\"wp-block-button__link wp-element-button\" href=\"mailto:formazione.bergamo@abf.eu\">RICHIEDI INFORMAZIONI<\/a><\/div>\n<\/div>\n\n\n\n<div style=\"height:35px\" aria-hidden=\"true\" class=\"wp-block-spacer\"><\/div>\n\n\n\n<hr class=\"wp-block-separator has-alpha-channel-opacity\"\/>\n\n\n\n<h5 class=\"wp-block-heading\"><strong>Ulteriori informazioni<\/strong><\/h5>\n\n\n\n<p>I corsi si terranno nel nostro attrezzato laboratorio di pasticceria, presso ABF Bergamo, dove lo chef potr\u00e0 guidare ogni corsista a preparare in prima persona le migliori prelibatezze. ABF fornir\u00e0 tutto il necessario alla partecipazione.<\/p>\n\n\n\n<p>\u00c8 previsto un numero limitato di partecipanti al fine di poter curare in modo pi\u00f9 attento la didattica e le esigenze di ciascun corsista. \u00c8 richiesto che tutti i partecipanti siano maggiorenni.<\/p>\n\n\n\n<h5 class=\"wp-block-heading\">Contatti<\/h5>\n\n\n\n<p>Per avere ulteriori informazioni chiama la segreteria allo 035.3693723 o invia una mail a <a href=\"mailto:formazione.bergamo@abf.eu\">formazione.bergamo@abf.eu<\/a>.<\/p>\n\n\n\n<hr class=\"wp-block-separator has-alpha-channel-opacity\"\/>\n\n\n\n<div id=\"linkcontent-block_687f56fc6b5ec\" class=\"link-content \">\n    <a class='animated-arrow font-weight-bold' href='https:\/\/www.abf.eu\/bergamo\/wp-content\/uploads\/sites\/3\/2026\/02\/BG-Pastry-Bakery-Lab.pdf' target=\"_blank\">\n        <span class='the-arrow -left'>\n            <span class='shaft'><\/span>\n        <\/span>\n        <span class='main'>\n            <span class='text'>Scarica e condividi la locandina<\/span>\n            <span class='the-arrow -right'>\n                <span class='shaft'><\/span>\n            <\/span>\n        <\/span>\n    <\/a>\n<\/div>\n\n\n\n\n\n<p><\/p>\n\n\n\n<p><\/p>\n","protected":false},"featured_media":24474,"parent":0,"template":"","class_list":["post-24400","corsi","type-corsi","status-publish","has-post-thumbnail","hentry","macrocategoria-corsi-adulti","tipologia-corsi-pasticceria-e-panetteria"],"yoast_head":"<!-- This site is optimized with the Yoast SEO plugin v25.8 - https:\/\/yoast.com\/wordpress\/plugins\/seo\/ -->\n<title>Pastry &amp; Bakery Lab - Bergamo<\/title>\n<meta name=\"description\" content=\"ABF propone diversi Pastry &amp; Bakery Lab dedicati alla pasticceria e alla panetteria, partendo dalle basi fino a serate tematiche.\" \/>\n<meta name=\"robots\" content=\"index, follow, max-snippet:-1, max-image-preview:large, max-video-preview:-1\" \/>\n<link rel=\"canonical\" href=\"https:\/\/www.abf.eu\/bergamo\/corsi\/pastry-bakery-lab\/\" \/>\n<meta property=\"og:locale\" content=\"it_IT\" \/>\n<meta property=\"og:type\" content=\"article\" \/>\n<meta property=\"og:title\" content=\"Pastry &amp; Bakery Lab - Bergamo\" \/>\n<meta property=\"og:description\" content=\"ABF propone diversi Pastry &amp; Bakery Lab dedicati alla pasticceria e alla panetteria, partendo dalle basi fino a serate tematiche.\" \/>\n<meta property=\"og:url\" content=\"https:\/\/www.abf.eu\/bergamo\/corsi\/pastry-bakery-lab\/\" \/>\n<meta property=\"og:site_name\" content=\"Bergamo\" \/>\n<meta property=\"article:modified_time\" content=\"2026-04-23T12:05:28+00:00\" \/>\n<meta property=\"og:image\" content=\"https:\/\/www.abf.eu\/bergamo\/wp-content\/uploads\/sites\/3\/2025\/07\/Pasty-and-bakery-lab.png\" \/>\n\t<meta property=\"og:image:width\" content=\"1000\" \/>\n\t<meta property=\"og:image:height\" content=\"666\" \/>\n\t<meta property=\"og:image:type\" content=\"image\/png\" \/>\n<meta name=\"twitter:card\" content=\"summary_large_image\" \/>\n<meta name=\"twitter:label1\" content=\"Tempo di lettura stimato\" \/>\n\t<meta name=\"twitter:data1\" content=\"8 minuti\" \/>\n<script type=\"application\/ld+json\" class=\"yoast-schema-graph\">{\"@context\":\"https:\/\/schema.org\",\"@graph\":[{\"@type\":\"WebPage\",\"@id\":\"https:\/\/www.abf.eu\/bergamo\/corsi\/pastry-bakery-lab\/\",\"url\":\"https:\/\/www.abf.eu\/bergamo\/corsi\/pastry-bakery-lab\/\",\"name\":\"Pastry &amp; Bakery Lab - Bergamo\",\"isPartOf\":{\"@id\":\"https:\/\/www.abf.eu\/bergamo\/#website\"},\"primaryImageOfPage\":{\"@id\":\"https:\/\/www.abf.eu\/bergamo\/corsi\/pastry-bakery-lab\/#primaryimage\"},\"image\":{\"@id\":\"https:\/\/www.abf.eu\/bergamo\/corsi\/pastry-bakery-lab\/#primaryimage\"},\"thumbnailUrl\":\"https:\/\/www.abf.eu\/bergamo\/wp-content\/uploads\/sites\/3\/2025\/07\/Pasty-and-bakery-lab.png\",\"datePublished\":\"2026-02-01T11:18:23+00:00\",\"dateModified\":\"2026-04-23T12:05:28+00:00\",\"description\":\"ABF propone diversi Pastry & Bakery Lab dedicati alla pasticceria e alla panetteria, partendo dalle basi fino a serate tematiche.\",\"breadcrumb\":{\"@id\":\"https:\/\/www.abf.eu\/bergamo\/corsi\/pastry-bakery-lab\/#breadcrumb\"},\"inLanguage\":\"it-IT\",\"potentialAction\":[{\"@type\":\"ReadAction\",\"target\":[\"https:\/\/www.abf.eu\/bergamo\/corsi\/pastry-bakery-lab\/\"]}]},{\"@type\":\"ImageObject\",\"inLanguage\":\"it-IT\",\"@id\":\"https:\/\/www.abf.eu\/bergamo\/corsi\/pastry-bakery-lab\/#primaryimage\",\"url\":\"https:\/\/www.abf.eu\/bergamo\/wp-content\/uploads\/sites\/3\/2025\/07\/Pasty-and-bakery-lab.png\",\"contentUrl\":\"https:\/\/www.abf.eu\/bergamo\/wp-content\/uploads\/sites\/3\/2025\/07\/Pasty-and-bakery-lab.png\",\"width\":1000,\"height\":666},{\"@type\":\"BreadcrumbList\",\"@id\":\"https:\/\/www.abf.eu\/bergamo\/corsi\/pastry-bakery-lab\/#breadcrumb\",\"itemListElement\":[{\"@type\":\"ListItem\",\"position\":1,\"name\":\"Home\",\"item\":\"https:\/\/www.abf.eu\/bergamo\/\"},{\"@type\":\"ListItem\",\"position\":2,\"name\":\"Pastry &amp; Bakery Lab\"}]},{\"@type\":\"WebSite\",\"@id\":\"https:\/\/www.abf.eu\/bergamo\/#website\",\"url\":\"https:\/\/www.abf.eu\/bergamo\/\",\"name\":\"Bergamo\",\"description\":\"Ecco un altro sito Abf siti\",\"potentialAction\":[{\"@type\":\"SearchAction\",\"target\":{\"@type\":\"EntryPoint\",\"urlTemplate\":\"https:\/\/www.abf.eu\/bergamo\/?s={search_term_string}\"},\"query-input\":{\"@type\":\"PropertyValueSpecification\",\"valueRequired\":true,\"valueName\":\"search_term_string\"}}],\"inLanguage\":\"it-IT\"}]}<\/script>\n<!-- \/ Yoast SEO plugin. -->","yoast_head_json":{"title":"Pastry &amp; Bakery Lab - Bergamo","description":"ABF propone diversi Pastry & Bakery Lab dedicati alla pasticceria e alla panetteria, partendo dalle basi fino a serate tematiche.","robots":{"index":"index","follow":"follow","max-snippet":"max-snippet:-1","max-image-preview":"max-image-preview:large","max-video-preview":"max-video-preview:-1"},"canonical":"https:\/\/www.abf.eu\/bergamo\/corsi\/pastry-bakery-lab\/","og_locale":"it_IT","og_type":"article","og_title":"Pastry &amp; Bakery Lab - Bergamo","og_description":"ABF propone diversi Pastry & Bakery Lab dedicati alla pasticceria e alla panetteria, partendo dalle basi fino a serate tematiche.","og_url":"https:\/\/www.abf.eu\/bergamo\/corsi\/pastry-bakery-lab\/","og_site_name":"Bergamo","article_modified_time":"2026-04-23T12:05:28+00:00","og_image":[{"width":1000,"height":666,"url":"https:\/\/www.abf.eu\/bergamo\/wp-content\/uploads\/sites\/3\/2025\/07\/Pasty-and-bakery-lab.png","type":"image\/png"}],"twitter_card":"summary_large_image","twitter_misc":{"Tempo di lettura stimato":"8 minuti"},"schema":{"@context":"https:\/\/schema.org","@graph":[{"@type":"WebPage","@id":"https:\/\/www.abf.eu\/bergamo\/corsi\/pastry-bakery-lab\/","url":"https:\/\/www.abf.eu\/bergamo\/corsi\/pastry-bakery-lab\/","name":"Pastry &amp; Bakery Lab - Bergamo","isPartOf":{"@id":"https:\/\/www.abf.eu\/bergamo\/#website"},"primaryImageOfPage":{"@id":"https:\/\/www.abf.eu\/bergamo\/corsi\/pastry-bakery-lab\/#primaryimage"},"image":{"@id":"https:\/\/www.abf.eu\/bergamo\/corsi\/pastry-bakery-lab\/#primaryimage"},"thumbnailUrl":"https:\/\/www.abf.eu\/bergamo\/wp-content\/uploads\/sites\/3\/2025\/07\/Pasty-and-bakery-lab.png","datePublished":"2026-02-01T11:18:23+00:00","dateModified":"2026-04-23T12:05:28+00:00","description":"ABF propone diversi Pastry & Bakery Lab dedicati alla pasticceria e alla panetteria, partendo dalle basi fino a serate tematiche.","breadcrumb":{"@id":"https:\/\/www.abf.eu\/bergamo\/corsi\/pastry-bakery-lab\/#breadcrumb"},"inLanguage":"it-IT","potentialAction":[{"@type":"ReadAction","target":["https:\/\/www.abf.eu\/bergamo\/corsi\/pastry-bakery-lab\/"]}]},{"@type":"ImageObject","inLanguage":"it-IT","@id":"https:\/\/www.abf.eu\/bergamo\/corsi\/pastry-bakery-lab\/#primaryimage","url":"https:\/\/www.abf.eu\/bergamo\/wp-content\/uploads\/sites\/3\/2025\/07\/Pasty-and-bakery-lab.png","contentUrl":"https:\/\/www.abf.eu\/bergamo\/wp-content\/uploads\/sites\/3\/2025\/07\/Pasty-and-bakery-lab.png","width":1000,"height":666},{"@type":"BreadcrumbList","@id":"https:\/\/www.abf.eu\/bergamo\/corsi\/pastry-bakery-lab\/#breadcrumb","itemListElement":[{"@type":"ListItem","position":1,"name":"Home","item":"https:\/\/www.abf.eu\/bergamo\/"},{"@type":"ListItem","position":2,"name":"Pastry &amp; Bakery Lab"}]},{"@type":"WebSite","@id":"https:\/\/www.abf.eu\/bergamo\/#website","url":"https:\/\/www.abf.eu\/bergamo\/","name":"Bergamo","description":"Ecco un altro sito Abf siti","potentialAction":[{"@type":"SearchAction","target":{"@type":"EntryPoint","urlTemplate":"https:\/\/www.abf.eu\/bergamo\/?s={search_term_string}"},"query-input":{"@type":"PropertyValueSpecification","valueRequired":true,"valueName":"search_term_string"}}],"inLanguage":"it-IT"}]}},"_links":{"self":[{"href":"https:\/\/www.abf.eu\/bergamo\/wp-json\/wp\/v2\/corsi\/24400","targetHints":{"allow":["GET"]}}],"collection":[{"href":"https:\/\/www.abf.eu\/bergamo\/wp-json\/wp\/v2\/corsi"}],"about":[{"href":"https:\/\/www.abf.eu\/bergamo\/wp-json\/wp\/v2\/types\/corsi"}],"wp:featuredmedia":[{"embeddable":true,"href":"https:\/\/www.abf.eu\/bergamo\/wp-json\/wp\/v2\/media\/24474"}],"wp:attachment":[{"href":"https:\/\/www.abf.eu\/bergamo\/wp-json\/wp\/v2\/media?parent=24400"}],"curies":[{"name":"wp","href":"https:\/\/api.w.org\/{rel}","templated":true}]}}