{"id":28836,"date":"2025-12-09T12:50:49","date_gmt":"2025-12-09T11:50:49","guid":{"rendered":"https:\/\/www.abf.eu\/clusone\/?post_type=corsi&#038;p=28836"},"modified":"2026-04-23T11:17:03","modified_gmt":"2026-04-23T09:17:03","slug":"cura-e-manutenzione-paesaggio","status":"publish","type":"corsi","link":"https:\/\/www.abf.eu\/clusone\/corsi\/cura-e-manutenzione-paesaggio\/","title":{"rendered":"Cura e manutenzione del paesaggio"},"content":{"rendered":"\n<figure class=\"wp-block-image size-large\"><img decoding=\"async\" src=\"https:\/\/www.abf.eu\/wp-content\/uploads\/2022\/11\/loghi-regione-1-1024x110.png\" alt=\"\" class=\"wp-image-26926\"\/><\/figure>\n\n\n\n<h3 class=\"wp-block-heading\">Un percorso formativo dedicato al settore del verde per acquisire competenze di arboricoltore<\/h3>\n\n\n\n<p>ABF propone un nuovo corso pensato per formare figure tecniche capaci di operare nella cura del verde e nella gestione del paesaggio, con competenze spendibili nel mondo del lavoro.<br>Il percorso rientra nelle iniziative dei <strong><a href=\"https:\/\/www.abf.eu\/patti-territoriali\/\">Patti Territoriali<\/a> per il Legno<\/strong>, promossi da Regione Lombardia e finanziati dal <strong>Programma Regionale FSE+ 2021\u20132027<\/strong>, strumenti che valorizzano le risorse dei territori montani e supportano lo sviluppo di professionalit\u00e0 richieste dalle imprese del settore.<\/p>\n\n\n\n<p>La formazione si rivolge a coloro che desiderano acquisire conoscenze di agronomia, botanica e coltivazioni arboree oltre a competenze di arboricoltura e tecniche di consolidamento e messa a dimora di alberi.<\/p>\n\n\n\n<h5 class=\"wp-block-heading\"><strong>Contenuti del corso<\/strong><\/h5>\n\n\n\n<p>Il corso prevede una parte teorica in aula e da alcune uscite didattiche presso aree verdi<\/p>\n\n\n\n<p>Le tematiche del corso saranno:<\/p>\n\n\n\n<ul class=\"wp-block-list\">\n<li><strong>Principi di botanica e agronomia<\/strong>\n<ol class=\"wp-block-list\">\n<li>Suolo: definizioni, stratigrafia, sviluppo delle radici, granulometria, struttura, densit\u00e0 e porosit\u00e0, cenni a sostanza organica, CSC, disponibilit\u00e0 di fosforo, potassio ed effetti pH, tipi di suolo<\/li>\n\n\n\n<li>Tecniche agronomiche: regimazione idrica dei terreni, lavorazioni del terreno<\/li>\n\n\n\n<li>Progettazione e gestione del verde, funzioni e caratteristiche del materiale vegetale, manutenzione del verde<\/li>\n\n\n\n<li>La cellula vegetale, morfologia e fisiologia della pianta<\/li>\n\n\n\n<li>Fusto, foglia, radice, seme, frutto<\/li>\n\n\n\n<li>Nomenclatura sistematica, Inquadramento delle tallofite, briofite e pteridofite&nbsp; Gimnosperme, Angiosperme<\/li>\n\n\n\n<li>Le principali famiglie della flora Italiana<\/li>\n<\/ol>\n<\/li>\n<\/ul>\n\n\n\n<ul class=\"wp-block-list\">\n<li><strong>Tecniche e applicazioni di arboricoltura&nbsp;<\/strong>\n<ol class=\"wp-block-list\">\n<li>Ciclo annuale della pianta. Accrescimento dei germogli e dominanza apicale. Accrescimento e sviluppo delle piante. Stadio giovanile, adulto e di senescenza. Dormienza e fabbisogno in freddo&nbsp;<\/li>\n\n\n\n<li>Arboricoltura ornamentale: alberi e arbusti (uso, caratteristiche, impianto, gestione, potatura, scelta delle specie, Arboricoltura per la produzione di biomasse legnose ad uso energetico<\/li>\n\n\n\n<li>Standard europeo di consolidamento degli alberi<\/li>\n\n\n\n<li>Competizione delle piante in coltura, cinetica di accrescimento , sviluppo delle colture, strategie di adattamento<\/li>\n<\/ol>\n<\/li>\n<\/ul>\n\n\n\n<ul class=\"wp-block-list\">\n<li><strong>Patologie e sistemi di difesa\/cura delle piante<\/strong>\n<ol class=\"wp-block-list\">\n<li>Scelte tecniche delle essenze sulla base degli studi ambientali (clima, terreno, vegetazione naturale, inquinamento)<\/li>\n\n\n\n<li>Sostanze allelopatiche, specifica sulle conifere<\/li>\n\n\n\n<li>Normativa europea sui prodotti fitosanitari, difesa integrata: principi, concetti fondamentali, vantaggi<\/li>\n<\/ol>\n<\/li>\n<\/ul>\n\n\n\n<h5 class=\"wp-block-heading\"><strong>Ulteriori informazion<\/strong>i<\/h5>\n\n\n\n<p>Il corso \u00e8 gratuito ed \u00e8 rivolto ai <strong>disoccupati dai 18 ai 64 anni residenti o domiciliati in Regione Lombardia<\/strong> che possano rientrare all\u2019interno del progetto Patti Territoriali del Legno.<\/p>\n\n\n\n<h5 class=\"wp-block-heading\">Requisiti d&#8217;accesso<\/h5>\n\n\n\n<p>Per poter accedere al corso di \u00e8 necessario essere disoccupati in possesso dei requisiti di accesso ai Patti territoriali.<\/p>\n\n\n\n<p>Inoltre, \u00e8 necessario:<\/p>\n\n\n\n<ul class=\"wp-block-list\">\n<li>aver installato sul proprio dispositivo digitale (smartphone o tablet) \u201cFirma LOM\u201d, l\u2019applicazione di Regione Lombardia per autenticarsi e convalidare le presenze giornaliere ai corsi.<\/li>\n\n\n\n<li>essere in possesso dello SPID \u2013 Sistema Pubblico di Identit\u00e0 Digitale <strong>oppure<\/strong><\/li>\n\n\n\n<li>essere in possesso della carta d\u2019identit\u00e0 elettronica \u201cCIE\u201d con i relativi codici rilasciati dalle autorit\u00e0 competenti. Se in possesso di CIE \u00e8 necessario scaricare sul proprio smartphone l\u2019applicazione \u201cCieSign\u201d per il riconoscimento del documento elettronico.<\/li>\n<\/ul>\n\n\n\n<blockquote class=\"wp-block-quote is-layout-flow wp-block-quote-is-layout-flow\">\n<h5 class=\"wp-block-heading\">Sei interessato a questo corso ma non sei disoccupato?<\/h5>\n\n\n\n<p><a href=\"mailto:formazione.sangiovannibianco@abf.eu\">Contattaci<\/a>, saremo lieti di presentarti la nostra offerta formativa dedicata.<\/p>\n<\/blockquote>\n\n\n\n<h5 class=\"wp-block-heading\"><strong>Contatti<\/strong><\/h5>\n\n\n\n<p>Per avere ulteriori informazioni sul corso non esitare a contattarci al numero 0346. 22808 o alla seguente mail <a href=\"mailto:verde@abf.eu\" target=\"_blank\" rel=\"noreferrer noopener\">verde@abf.eu<\/a>.<\/p>\n\n\n\n<hr class=\"wp-block-separator has-alpha-channel-opacity\"\/>\n\n\n\n<div id=\"linkcontent-block_69380c5d8718d\" class=\"link-content \">\n    <a class='animated-arrow font-weight-bold' href='https:\/\/www.abf.eu\/clusone\/wp-content\/uploads\/sites\/2\/2025\/12\/CL-Cura-e-manutenzione-paesaggio.pdf' target=\"_blank\">\n        <span class='the-arrow -left'>\n            <span class='shaft'><\/span>\n        <\/span>\n        <span class='main'>\n            <span class='text'>Scarica e condividi la locandina<\/span>\n            <span class='the-arrow -right'>\n                <span class='shaft'><\/span>\n            <\/span>\n        <\/span>\n    <\/a>\n<\/div>\n\n\n","protected":false},"featured_media":28938,"parent":0,"template":"","class_list":["post-28836","corsi","type-corsi","status-publish","has-post-thumbnail","hentry","macrocategoria-corsi-adulti","tipologia-corsi-verde"],"yoast_head":"<!-- This site is optimized with the Yoast SEO plugin v25.8 - https:\/\/yoast.com\/wordpress\/plugins\/seo\/ -->\n<title>Cura e manutenzione del paesaggio - Clusone<\/title>\n<meta name=\"description\" content=\"Il corso ti permette di acquisire conoscenze fondamentali di agronomia, botanica e arboricoltura, con competenze spendibili.\" \/>\n<meta name=\"robots\" content=\"index, follow, max-snippet:-1, max-image-preview:large, max-video-preview:-1\" \/>\n<link rel=\"canonical\" href=\"https:\/\/www.abf.eu\/clusone\/corsi\/cura-e-manutenzione-paesaggio\/\" \/>\n<meta property=\"og:locale\" content=\"it_IT\" \/>\n<meta property=\"og:type\" content=\"article\" \/>\n<meta property=\"og:title\" content=\"Cura e manutenzione del paesaggio - Clusone\" \/>\n<meta property=\"og:description\" content=\"Il corso ti permette di acquisire conoscenze fondamentali di agronomia, botanica e arboricoltura, con competenze spendibili.\" \/>\n<meta property=\"og:url\" content=\"https:\/\/www.abf.eu\/clusone\/corsi\/cura-e-manutenzione-paesaggio\/\" \/>\n<meta property=\"og:site_name\" content=\"Clusone\" \/>\n<meta property=\"article:modified_time\" content=\"2026-04-23T09:17:03+00:00\" \/>\n<meta property=\"og:image\" content=\"https:\/\/www.abf.eu\/clusone\/wp-content\/uploads\/sites\/2\/2025\/12\/Cura-e-manutenzione-verde.png\" \/>\n\t<meta property=\"og:image:width\" content=\"1000\" \/>\n\t<meta property=\"og:image:height\" content=\"666\" \/>\n\t<meta property=\"og:image:type\" content=\"image\/png\" \/>\n<meta name=\"twitter:card\" content=\"summary_large_image\" \/>\n<meta name=\"twitter:label1\" content=\"Tempo di lettura stimato\" \/>\n\t<meta name=\"twitter:data1\" content=\"3 minuti\" \/>\n<script type=\"application\/ld+json\" class=\"yoast-schema-graph\">{\"@context\":\"https:\/\/schema.org\",\"@graph\":[{\"@type\":\"WebPage\",\"@id\":\"https:\/\/www.abf.eu\/clusone\/corsi\/cura-e-manutenzione-paesaggio\/\",\"url\":\"https:\/\/www.abf.eu\/clusone\/corsi\/cura-e-manutenzione-paesaggio\/\",\"name\":\"Cura e manutenzione del paesaggio - Clusone\",\"isPartOf\":{\"@id\":\"https:\/\/www.abf.eu\/clusone\/#website\"},\"primaryImageOfPage\":{\"@id\":\"https:\/\/www.abf.eu\/clusone\/corsi\/cura-e-manutenzione-paesaggio\/#primaryimage\"},\"image\":{\"@id\":\"https:\/\/www.abf.eu\/clusone\/corsi\/cura-e-manutenzione-paesaggio\/#primaryimage\"},\"thumbnailUrl\":\"https:\/\/www.abf.eu\/clusone\/wp-content\/uploads\/sites\/2\/2025\/12\/Cura-e-manutenzione-verde.png\",\"datePublished\":\"2025-12-09T11:50:49+00:00\",\"dateModified\":\"2026-04-23T09:17:03+00:00\",\"description\":\"Il corso ti permette di acquisire conoscenze fondamentali di agronomia, botanica e arboricoltura, con competenze spendibili.\",\"breadcrumb\":{\"@id\":\"https:\/\/www.abf.eu\/clusone\/corsi\/cura-e-manutenzione-paesaggio\/#breadcrumb\"},\"inLanguage\":\"it-IT\",\"potentialAction\":[{\"@type\":\"ReadAction\",\"target\":[\"https:\/\/www.abf.eu\/clusone\/corsi\/cura-e-manutenzione-paesaggio\/\"]}]},{\"@type\":\"ImageObject\",\"inLanguage\":\"it-IT\",\"@id\":\"https:\/\/www.abf.eu\/clusone\/corsi\/cura-e-manutenzione-paesaggio\/#primaryimage\",\"url\":\"https:\/\/www.abf.eu\/clusone\/wp-content\/uploads\/sites\/2\/2025\/12\/Cura-e-manutenzione-verde.png\",\"contentUrl\":\"https:\/\/www.abf.eu\/clusone\/wp-content\/uploads\/sites\/2\/2025\/12\/Cura-e-manutenzione-verde.png\",\"width\":1000,\"height\":666},{\"@type\":\"BreadcrumbList\",\"@id\":\"https:\/\/www.abf.eu\/clusone\/corsi\/cura-e-manutenzione-paesaggio\/#breadcrumb\",\"itemListElement\":[{\"@type\":\"ListItem\",\"position\":1,\"name\":\"Home\",\"item\":\"https:\/\/www.abf.eu\/clusone\/\"},{\"@type\":\"ListItem\",\"position\":2,\"name\":\"Cura e manutenzione del paesaggio\"}]},{\"@type\":\"WebSite\",\"@id\":\"https:\/\/www.abf.eu\/clusone\/#website\",\"url\":\"https:\/\/www.abf.eu\/clusone\/\",\"name\":\"Clusone\",\"description\":\"Ecco un altro sito Abf siti\",\"potentialAction\":[{\"@type\":\"SearchAction\",\"target\":{\"@type\":\"EntryPoint\",\"urlTemplate\":\"https:\/\/www.abf.eu\/clusone\/?s={search_term_string}\"},\"query-input\":{\"@type\":\"PropertyValueSpecification\",\"valueRequired\":true,\"valueName\":\"search_term_string\"}}],\"inLanguage\":\"it-IT\"}]}<\/script>\n<!-- \/ Yoast SEO plugin. -->","yoast_head_json":{"title":"Cura e manutenzione del paesaggio - Clusone","description":"Il corso ti permette di acquisire conoscenze fondamentali di agronomia, botanica e arboricoltura, con competenze spendibili.","robots":{"index":"index","follow":"follow","max-snippet":"max-snippet:-1","max-image-preview":"max-image-preview:large","max-video-preview":"max-video-preview:-1"},"canonical":"https:\/\/www.abf.eu\/clusone\/corsi\/cura-e-manutenzione-paesaggio\/","og_locale":"it_IT","og_type":"article","og_title":"Cura e manutenzione del paesaggio - Clusone","og_description":"Il corso ti permette di acquisire conoscenze fondamentali di agronomia, botanica e arboricoltura, con competenze spendibili.","og_url":"https:\/\/www.abf.eu\/clusone\/corsi\/cura-e-manutenzione-paesaggio\/","og_site_name":"Clusone","article_modified_time":"2026-04-23T09:17:03+00:00","og_image":[{"width":1000,"height":666,"url":"https:\/\/www.abf.eu\/clusone\/wp-content\/uploads\/sites\/2\/2025\/12\/Cura-e-manutenzione-verde.png","type":"image\/png"}],"twitter_card":"summary_large_image","twitter_misc":{"Tempo di lettura stimato":"3 minuti"},"schema":{"@context":"https:\/\/schema.org","@graph":[{"@type":"WebPage","@id":"https:\/\/www.abf.eu\/clusone\/corsi\/cura-e-manutenzione-paesaggio\/","url":"https:\/\/www.abf.eu\/clusone\/corsi\/cura-e-manutenzione-paesaggio\/","name":"Cura e manutenzione del paesaggio - Clusone","isPartOf":{"@id":"https:\/\/www.abf.eu\/clusone\/#website"},"primaryImageOfPage":{"@id":"https:\/\/www.abf.eu\/clusone\/corsi\/cura-e-manutenzione-paesaggio\/#primaryimage"},"image":{"@id":"https:\/\/www.abf.eu\/clusone\/corsi\/cura-e-manutenzione-paesaggio\/#primaryimage"},"thumbnailUrl":"https:\/\/www.abf.eu\/clusone\/wp-content\/uploads\/sites\/2\/2025\/12\/Cura-e-manutenzione-verde.png","datePublished":"2025-12-09T11:50:49+00:00","dateModified":"2026-04-23T09:17:03+00:00","description":"Il corso ti permette di acquisire conoscenze fondamentali di agronomia, botanica e arboricoltura, con competenze spendibili.","breadcrumb":{"@id":"https:\/\/www.abf.eu\/clusone\/corsi\/cura-e-manutenzione-paesaggio\/#breadcrumb"},"inLanguage":"it-IT","potentialAction":[{"@type":"ReadAction","target":["https:\/\/www.abf.eu\/clusone\/corsi\/cura-e-manutenzione-paesaggio\/"]}]},{"@type":"ImageObject","inLanguage":"it-IT","@id":"https:\/\/www.abf.eu\/clusone\/corsi\/cura-e-manutenzione-paesaggio\/#primaryimage","url":"https:\/\/www.abf.eu\/clusone\/wp-content\/uploads\/sites\/2\/2025\/12\/Cura-e-manutenzione-verde.png","contentUrl":"https:\/\/www.abf.eu\/clusone\/wp-content\/uploads\/sites\/2\/2025\/12\/Cura-e-manutenzione-verde.png","width":1000,"height":666},{"@type":"BreadcrumbList","@id":"https:\/\/www.abf.eu\/clusone\/corsi\/cura-e-manutenzione-paesaggio\/#breadcrumb","itemListElement":[{"@type":"ListItem","position":1,"name":"Home","item":"https:\/\/www.abf.eu\/clusone\/"},{"@type":"ListItem","position":2,"name":"Cura e manutenzione del paesaggio"}]},{"@type":"WebSite","@id":"https:\/\/www.abf.eu\/clusone\/#website","url":"https:\/\/www.abf.eu\/clusone\/","name":"Clusone","description":"Ecco un altro sito Abf siti","potentialAction":[{"@type":"SearchAction","target":{"@type":"EntryPoint","urlTemplate":"https:\/\/www.abf.eu\/clusone\/?s={search_term_string}"},"query-input":{"@type":"PropertyValueSpecification","valueRequired":true,"valueName":"search_term_string"}}],"inLanguage":"it-IT"}]}},"_links":{"self":[{"href":"https:\/\/www.abf.eu\/clusone\/wp-json\/wp\/v2\/corsi\/28836","targetHints":{"allow":["GET"]}}],"collection":[{"href":"https:\/\/www.abf.eu\/clusone\/wp-json\/wp\/v2\/corsi"}],"about":[{"href":"https:\/\/www.abf.eu\/clusone\/wp-json\/wp\/v2\/types\/corsi"}],"wp:featuredmedia":[{"embeddable":true,"href":"https:\/\/www.abf.eu\/clusone\/wp-json\/wp\/v2\/media\/28938"}],"wp:attachment":[{"href":"https:\/\/www.abf.eu\/clusone\/wp-json\/wp\/v2\/media?parent=28836"}],"curies":[{"name":"wp","href":"https:\/\/api.w.org\/{rel}","templated":true}]}}