{"id":21947,"date":"2025-07-23T08:48:29","date_gmt":"2025-07-23T06:48:29","guid":{"rendered":"https:\/\/www.abf.eu\/treviglio\/?post_type=corsi&#038;p=21947"},"modified":"2026-04-23T11:18:11","modified_gmt":"2026-04-23T09:18:11","slug":"pastry-bakery-lab","status":"publish","type":"corsi","link":"https:\/\/www.abf.eu\/treviglio\/corsi\/pastry-bakery-lab\/","title":{"rendered":"Pastry &amp; Bakery Lab"},"content":{"rendered":"\n<h3 class=\"wp-block-heading\">Profumo di dolci e pane appena sfornato: arrivano i nuovi corsi Pastry &amp; Bakery Lab!<\/h3>\n\n\n<div class=\"wp-block-image\">\n<figure class=\"aligncenter size-large is-resized\"><img loading=\"lazy\" decoding=\"async\" width=\"1024\" height=\"509\" src=\"https:\/\/www.abf.eu\/treviglio\/wp-content\/uploads\/sites\/8\/2025\/07\/ABC-corsi-per-tutti-1024x509.png\" alt=\"\" class=\"wp-image-22049\" style=\"width:310px;height:auto\" srcset=\"https:\/\/www.abf.eu\/treviglio\/wp-content\/uploads\/sites\/8\/2025\/07\/ABC-corsi-per-tutti-1024x509.png 1024w, https:\/\/www.abf.eu\/treviglio\/wp-content\/uploads\/sites\/8\/2025\/07\/ABC-corsi-per-tutti-300x149.png 300w, https:\/\/www.abf.eu\/treviglio\/wp-content\/uploads\/sites\/8\/2025\/07\/ABC-corsi-per-tutti-768x381.png 768w, https:\/\/www.abf.eu\/treviglio\/wp-content\/uploads\/sites\/8\/2025\/07\/ABC-corsi-per-tutti-600x298.png 600w, https:\/\/www.abf.eu\/treviglio\/wp-content\/uploads\/sites\/8\/2025\/07\/ABC-corsi-per-tutti-440x220.png 440w, https:\/\/www.abf.eu\/treviglio\/wp-content\/uploads\/sites\/8\/2025\/07\/ABC-corsi-per-tutti.png 1194w\" sizes=\"auto, (max-width: 1024px) 100vw, 1024px\" \/><\/figure><\/div>\n\n\n<p>Se ami sfornare pane e dolci o vuoi finalmente capire come si fa una pasta frolla come si deve, da settembre troverai il corso che fa per te!<\/p>\n\n\n\n<p>ABF Treviglio propone diversi corsi dedicati alla pasticceria e alla panetteria come il corso di <strong>panificazione amatoriale base<\/strong>, perfetto per chi vuole cominciare dalle basi, e percorsi pi\u00f9 specifici per chi vuole <strong>sperimentare nuove tecniche<\/strong> o affrontare esigenze alimentari diverse.<\/p>\n\n\n\n<p>Che tu voglia concederti qualche serata golosa dedicata alla tua passione o che stia cercando un primo passo per trasformarla in qualcosa di pi\u00f9, i nostri laboratori ti aspettano\u2026 con il grembiule indosso!<\/p>\n\n\n\n<p><strong>Iscriversi \u00e8 semplicissimo<\/strong>: basta cliccare sul pulsante \u201cISCRIZIONE\u201d che trovi sotto ogni corso.<\/p>\n\n\n\n<hr class=\"wp-block-separator has-alpha-channel-opacity\"\/>\n\n\n\n<h2 class=\"wp-block-heading\">Panificazione amatoriale base<\/h2>\n\n\n\n<p>\ud83d\udcc5 <strong>14 ottobre 2025<\/strong><br>\ud83d\udd52 <strong>15 ore<\/strong> <br>\ud83d\udcb6 <strong>190\u20ac<\/strong><\/p>\n\n\n\n<figure class=\"wp-block-image size-full\"><img decoding=\"async\" src=\"https:\/\/www.abf.eu\/clusone\/wp-content\/uploads\/sites\/2\/2023\/11\/panificazione-amatoriale-base.png\" alt=\"\" class=\"wp-image-17983\"\/><\/figure>\n\n\n\n<p>Il corso indispensabile per apprendere le principali tecniche di panificazione da replicare a casa!<\/p>\n\n\n\n<p>Imparerai a realizzare <strong>pane, panini e focacce fragranti<\/strong> e scoprirai tutti i segreti dell\u2019impasto e della lievitazione, per portare in tavola la genuinit\u00e0 dei prodotti fatti in casa! Ti guideremo passo dopo passo attraverso le <strong>tecniche fondamentali<\/strong>, dalla scelta delle farine alla gestione della lievitazione, fino alla cottura perfetta.<\/p>\n\n\n\n<p>Il corso si rivolge ai principianti e si svolger\u00e0 in <strong>quattro lezioni<\/strong> a partire da <strong>marted\u00ec 14 ottobre<\/strong>: tre lezioni da quattro ore e una da tre.<\/p>\n\n\n\n<p class=\"has-text-align-center\"><strong>Puoi iscriverti al corso cliccando sul pulsante \u201cISCRIVITI\u201d sottostante.<\/strong><\/p>\n\n\n\n<div style=\"height:15px\" aria-hidden=\"true\" class=\"wp-block-spacer\"><\/div>\n\n\n\n<div class=\"wp-block-buttons is-content-justification-center is-layout-flex wp-container-core-buttons-is-layout-16018d1d wp-block-buttons-is-layout-flex\">\n<div class=\"wp-block-button\"><a class=\"wp-block-button__link wp-element-button\" href=\"mailto:formazione.treviglio@abf.eu\">RICHIEDI INFORMAZIONI<\/a><\/div>\n<\/div>\n\n\n\n<div style=\"height:35px\" aria-hidden=\"true\" class=\"wp-block-spacer\"><\/div>\n\n\n\n<hr class=\"wp-block-separator has-alpha-channel-opacity\"\/>\n\n\n\n<h2 class=\"wp-block-heading\">Panificazione amatoriale intermedio<\/h2>\n\n\n\n<p>\ud83d\udcc5 <strong>11 novembre 2025<\/strong><br>\ud83d\udd52 <strong>15 ore<\/strong> <br>\ud83d\udcb6 <strong>190\u20ac<\/strong><\/p>\n\n\n\n<figure class=\"wp-block-image size-full\"><img loading=\"lazy\" decoding=\"async\" width=\"1000\" height=\"666\" src=\"https:\/\/www.abf.eu\/treviglio\/wp-content\/uploads\/sites\/8\/2024\/01\/TV-Panificazione-amatoriale-intermedio.png\" alt=\"Panificazione amatoriale intermedio\" class=\"wp-image-19268\" srcset=\"https:\/\/www.abf.eu\/treviglio\/wp-content\/uploads\/sites\/8\/2024\/01\/TV-Panificazione-amatoriale-intermedio.png 1000w, https:\/\/www.abf.eu\/treviglio\/wp-content\/uploads\/sites\/8\/2024\/01\/TV-Panificazione-amatoriale-intermedio-300x200.png 300w, https:\/\/www.abf.eu\/treviglio\/wp-content\/uploads\/sites\/8\/2024\/01\/TV-Panificazione-amatoriale-intermedio-768x511.png 768w, https:\/\/www.abf.eu\/treviglio\/wp-content\/uploads\/sites\/8\/2024\/01\/TV-Panificazione-amatoriale-intermedio-600x400.png 600w\" sizes=\"auto, (max-width: 1000px) 100vw, 1000px\" \/><\/figure>\n\n\n\n<p>Hai gi\u00e0 impastato la tua prima pagnotta e vuoi spingerti un po\u2019 oltre? Questo \u00e8 il corso per te!<\/p>\n\n\n\n<p>Scoprirai come <strong>utilizzare farine diverse<\/strong>, gestire <strong>impasti pi\u00f9 complessi<\/strong>, lavorare con prefermenti e perfezionare tecniche di formatura e cottura. Consolida le basi e <strong>alza il livello<\/strong>, preparati a scoprire come la scienza e l&#8217;arte si uniscono per creare prodotti da forno ancora pi\u00f9 complessi, gustosi e sorprendenti.<\/p>\n\n\n\n<p>Il corso si svolger\u00e0 in <strong>quattro lezioni<\/strong>, a partire da <strong>marted\u00ec 11 novembre<\/strong>.<\/p>\n\n\n\n<p class=\"has-text-align-center\"><strong>Puoi iscriverti al corso cliccando sul pulsante \u201cISCRIVITI\u201d sottostante.<\/strong><\/p>\n\n\n\n<div style=\"height:15px\" aria-hidden=\"true\" class=\"wp-block-spacer\"><\/div>\n\n\n\n<div class=\"wp-block-buttons is-content-justification-center is-layout-flex wp-container-core-buttons-is-layout-16018d1d wp-block-buttons-is-layout-flex\">\n<div class=\"wp-block-button\"><a class=\"wp-block-button__link wp-element-button\" href=\"mailto:formazione.treviglio@abf.eu\">RICHIEDI INFORMAZIONI<\/a><\/div>\n<\/div>\n\n\n\n<div style=\"height:35px\" aria-hidden=\"true\" class=\"wp-block-spacer\"><\/div>\n\n\n\n<hr class=\"wp-block-separator has-alpha-channel-opacity\"\/>\n\n\n\n<h2 class=\"wp-block-heading\">Panificazione gluten free<\/h2>\n\n\n\n<p>\ud83d\udcc5 <strong>6 e 13 novembre 2025<\/strong><br>\ud83d\udd52 <strong>8 ore<\/strong> <br>\ud83d\udcb6 <strong>100\u20ac<\/strong><\/p>\n\n\n\n<figure class=\"wp-block-image size-full\"><img loading=\"lazy\" decoding=\"async\" width=\"1000\" height=\"666\" src=\"https:\/\/www.abf.eu\/treviglio\/wp-content\/uploads\/sites\/8\/2025\/02\/Panificazione-gluten-free.png\" alt=\"\" class=\"wp-image-21303\" srcset=\"https:\/\/www.abf.eu\/treviglio\/wp-content\/uploads\/sites\/8\/2025\/02\/Panificazione-gluten-free.png 1000w, https:\/\/www.abf.eu\/treviglio\/wp-content\/uploads\/sites\/8\/2025\/02\/Panificazione-gluten-free-300x200.png 300w, https:\/\/www.abf.eu\/treviglio\/wp-content\/uploads\/sites\/8\/2025\/02\/Panificazione-gluten-free-768x511.png 768w, https:\/\/www.abf.eu\/treviglio\/wp-content\/uploads\/sites\/8\/2025\/02\/Panificazione-gluten-free-600x400.png 600w\" sizes=\"auto, (max-width: 1000px) 100vw, 1000px\" \/><\/figure>\n\n\n\n<p>Partecipa al nostro corso di <strong>panificazione gluten free <\/strong>e impara a preparare deliziosi <strong>panini caserecci senza glutine<\/strong>!<\/p>\n\n\n\n<p>In due lezioni, ti guideremo passo dopo passo nella realizzazione di impasti soffici e gustosi, svelando tutti i trucchi per ottenere un pane perfetto.<\/p>\n\n\n\n<p><strong><em>Il corso \u00e8 aperto a chiunque desideri approfondire e conoscere le ricette senza glutine, tuttavia, durante questi due incontri, non possiamo garantire l\u2019assenza di contaminazione da farine o altri prodotti contenenti glutine.<\/em><\/strong><\/p>\n\n\n\n<p>Panificazione Gluten free \u00e8 un corso suddiviso in due serate, gioved\u00ec <strong>6<\/strong> e <strong>13 novembre<\/strong> <strong>dalle 18.00 alle 22.00<\/strong>.<\/p>\n\n\n\n<p class=\"has-text-align-center\"><strong>Puoi iscriverti al corso cliccando sul pulsante \u201cISCRIVITI\u201d sottostante.<\/strong><\/p>\n\n\n\n<div style=\"height:15px\" aria-hidden=\"true\" class=\"wp-block-spacer\"><\/div>\n\n\n\n<div class=\"wp-block-buttons is-content-justification-center is-layout-flex wp-container-core-buttons-is-layout-16018d1d wp-block-buttons-is-layout-flex\">\n<div class=\"wp-block-button\"><a class=\"wp-block-button__link wp-element-button\" href=\"mailto:formazione.treviglio@abf.eu\">RICHIEDI INFORMAZIONI<\/a><\/div>\n<\/div>\n\n\n\n<div style=\"height:35px\" aria-hidden=\"true\" class=\"wp-block-spacer\"><\/div>\n\n\n\n<hr class=\"wp-block-separator has-alpha-channel-opacity\"\/>\n\n\n\n<h5 class=\"wp-block-heading\">Ulteriori informazioni<\/h5>\n\n\n\n<p>I corsi si terranno nel nostro attrezzato laboratorio di panetteria, presso ABF Treviglio, dove il mastro fornaio potr\u00e0 guidare ogni corsista nella preparazione delle migliori prelibatezze. ABF fornir\u00e0 tutto il necessario alla partecipazione.<\/p>\n\n\n\n<p>\u00c8 previsto un numero limitato di partecipanti al fine di poter curare in modo pi\u00f9 attento la didattica e le esigenze di ciascun corsista. \u00c8 richiesto che tutti i partecipanti siano maggiorenni.<\/p>\n\n\n\n<h5 class=\"wp-block-heading\">Contatti<\/h5>\n\n\n\n<p>Per avere ulteriori informazioni chiama la segreteria allo 0363.1925677 o invia una mail a <a href=\"mailto:formazione.treviglio@abf.eu\">formazione.treviglio@abf.eu<\/a><\/p>\n\n\n\n<hr class=\"wp-block-separator has-alpha-channel-opacity\"\/>\n\n\n\n<div id=\"linkcontent-block_687f56fc6b5ec\" class=\"link-content \">\n    <a class='animated-arrow font-weight-bold' href='https:\/\/www.abf.eu\/treviglio\/wp-content\/uploads\/sites\/8\/2025\/07\/TV-Pastry-Bakery-lab.pdf' target=\"_blank\">\n        <span class='the-arrow -left'>\n            <span class='shaft'><\/span>\n        <\/span>\n        <span class='main'>\n            <span class='text'>Scarica e condividi la locandina<\/span>\n            <span class='the-arrow -right'>\n                <span class='shaft'><\/span>\n            <\/span>\n        <\/span>\n    <\/a>\n<\/div>\n\n\n","protected":false},"featured_media":22001,"parent":0,"template":"","class_list":["post-21947","corsi","type-corsi","status-publish","has-post-thumbnail","hentry","macrocategoria-corsi-adulti","tipologia-corsi-pasticceria-e-panetteria"],"yoast_head":"<!-- This site is optimized with the Yoast SEO plugin v25.8 - https:\/\/yoast.com\/wordpress\/plugins\/seo\/ -->\n<title>Pastry &amp; Bakery Lab - Treviglio<\/title>\n<meta name=\"description\" content=\"ABF propone diversi Pastry &amp; Bakery Lab dedicati alla pasticceria e alla panetteria, partendo dalle basi fino a serate tematiche.\" \/>\n<meta name=\"robots\" content=\"index, follow, max-snippet:-1, max-image-preview:large, max-video-preview:-1\" \/>\n<link rel=\"canonical\" href=\"https:\/\/www.abf.eu\/treviglio\/corsi\/pastry-bakery-lab\/\" \/>\n<meta property=\"og:locale\" content=\"it_IT\" \/>\n<meta property=\"og:type\" content=\"article\" \/>\n<meta property=\"og:title\" content=\"Pastry &amp; Bakery Lab - Treviglio\" \/>\n<meta property=\"og:description\" content=\"ABF propone diversi Pastry &amp; Bakery Lab dedicati alla pasticceria e alla panetteria, partendo dalle basi fino a serate tematiche.\" \/>\n<meta property=\"og:url\" content=\"https:\/\/www.abf.eu\/treviglio\/corsi\/pastry-bakery-lab\/\" \/>\n<meta property=\"og:site_name\" content=\"Treviglio\" \/>\n<meta property=\"article:modified_time\" content=\"2026-04-23T09:18:11+00:00\" \/>\n<meta property=\"og:image\" content=\"https:\/\/www.abf.eu\/treviglio\/wp-content\/uploads\/sites\/8\/2025\/07\/Pasty-and-bakery-lab.png\" \/>\n\t<meta property=\"og:image:width\" content=\"1000\" \/>\n\t<meta property=\"og:image:height\" content=\"666\" \/>\n\t<meta property=\"og:image:type\" content=\"image\/png\" \/>\n<meta name=\"twitter:card\" content=\"summary_large_image\" \/>\n<meta name=\"twitter:label1\" content=\"Tempo di lettura stimato\" \/>\n\t<meta name=\"twitter:data1\" content=\"4 minuti\" \/>\n<script type=\"application\/ld+json\" class=\"yoast-schema-graph\">{\"@context\":\"https:\/\/schema.org\",\"@graph\":[{\"@type\":\"WebPage\",\"@id\":\"https:\/\/www.abf.eu\/treviglio\/corsi\/pastry-bakery-lab\/\",\"url\":\"https:\/\/www.abf.eu\/treviglio\/corsi\/pastry-bakery-lab\/\",\"name\":\"Pastry &amp; Bakery Lab - Treviglio\",\"isPartOf\":{\"@id\":\"https:\/\/www.abf.eu\/treviglio\/#website\"},\"primaryImageOfPage\":{\"@id\":\"https:\/\/www.abf.eu\/treviglio\/corsi\/pastry-bakery-lab\/#primaryimage\"},\"image\":{\"@id\":\"https:\/\/www.abf.eu\/treviglio\/corsi\/pastry-bakery-lab\/#primaryimage\"},\"thumbnailUrl\":\"https:\/\/www.abf.eu\/treviglio\/wp-content\/uploads\/sites\/8\/2025\/07\/Pasty-and-bakery-lab.png\",\"datePublished\":\"2025-07-23T06:48:29+00:00\",\"dateModified\":\"2026-04-23T09:18:11+00:00\",\"description\":\"ABF propone diversi Pastry & Bakery Lab dedicati alla pasticceria e alla panetteria, partendo dalle basi fino a serate tematiche.\",\"breadcrumb\":{\"@id\":\"https:\/\/www.abf.eu\/treviglio\/corsi\/pastry-bakery-lab\/#breadcrumb\"},\"inLanguage\":\"it-IT\",\"potentialAction\":[{\"@type\":\"ReadAction\",\"target\":[\"https:\/\/www.abf.eu\/treviglio\/corsi\/pastry-bakery-lab\/\"]}]},{\"@type\":\"ImageObject\",\"inLanguage\":\"it-IT\",\"@id\":\"https:\/\/www.abf.eu\/treviglio\/corsi\/pastry-bakery-lab\/#primaryimage\",\"url\":\"https:\/\/www.abf.eu\/treviglio\/wp-content\/uploads\/sites\/8\/2025\/07\/Pasty-and-bakery-lab.png\",\"contentUrl\":\"https:\/\/www.abf.eu\/treviglio\/wp-content\/uploads\/sites\/8\/2025\/07\/Pasty-and-bakery-lab.png\",\"width\":1000,\"height\":666},{\"@type\":\"BreadcrumbList\",\"@id\":\"https:\/\/www.abf.eu\/treviglio\/corsi\/pastry-bakery-lab\/#breadcrumb\",\"itemListElement\":[{\"@type\":\"ListItem\",\"position\":1,\"name\":\"Home\",\"item\":\"https:\/\/www.abf.eu\/treviglio\/\"},{\"@type\":\"ListItem\",\"position\":2,\"name\":\"Pastry &amp; Bakery Lab\"}]},{\"@type\":\"WebSite\",\"@id\":\"https:\/\/www.abf.eu\/treviglio\/#website\",\"url\":\"https:\/\/www.abf.eu\/treviglio\/\",\"name\":\"Treviglio\",\"description\":\"Ecco un altro sito Abf siti\",\"potentialAction\":[{\"@type\":\"SearchAction\",\"target\":{\"@type\":\"EntryPoint\",\"urlTemplate\":\"https:\/\/www.abf.eu\/treviglio\/?s={search_term_string}\"},\"query-input\":{\"@type\":\"PropertyValueSpecification\",\"valueRequired\":true,\"valueName\":\"search_term_string\"}}],\"inLanguage\":\"it-IT\"}]}<\/script>\n<!-- \/ Yoast SEO plugin. -->","yoast_head_json":{"title":"Pastry &amp; Bakery Lab - Treviglio","description":"ABF propone diversi Pastry & Bakery Lab dedicati alla pasticceria e alla panetteria, partendo dalle basi fino a serate tematiche.","robots":{"index":"index","follow":"follow","max-snippet":"max-snippet:-1","max-image-preview":"max-image-preview:large","max-video-preview":"max-video-preview:-1"},"canonical":"https:\/\/www.abf.eu\/treviglio\/corsi\/pastry-bakery-lab\/","og_locale":"it_IT","og_type":"article","og_title":"Pastry &amp; Bakery Lab - Treviglio","og_description":"ABF propone diversi Pastry & Bakery Lab dedicati alla pasticceria e alla panetteria, partendo dalle basi fino a serate tematiche.","og_url":"https:\/\/www.abf.eu\/treviglio\/corsi\/pastry-bakery-lab\/","og_site_name":"Treviglio","article_modified_time":"2026-04-23T09:18:11+00:00","og_image":[{"width":1000,"height":666,"url":"https:\/\/www.abf.eu\/treviglio\/wp-content\/uploads\/sites\/8\/2025\/07\/Pasty-and-bakery-lab.png","type":"image\/png"}],"twitter_card":"summary_large_image","twitter_misc":{"Tempo di lettura stimato":"4 minuti"},"schema":{"@context":"https:\/\/schema.org","@graph":[{"@type":"WebPage","@id":"https:\/\/www.abf.eu\/treviglio\/corsi\/pastry-bakery-lab\/","url":"https:\/\/www.abf.eu\/treviglio\/corsi\/pastry-bakery-lab\/","name":"Pastry &amp; Bakery Lab - Treviglio","isPartOf":{"@id":"https:\/\/www.abf.eu\/treviglio\/#website"},"primaryImageOfPage":{"@id":"https:\/\/www.abf.eu\/treviglio\/corsi\/pastry-bakery-lab\/#primaryimage"},"image":{"@id":"https:\/\/www.abf.eu\/treviglio\/corsi\/pastry-bakery-lab\/#primaryimage"},"thumbnailUrl":"https:\/\/www.abf.eu\/treviglio\/wp-content\/uploads\/sites\/8\/2025\/07\/Pasty-and-bakery-lab.png","datePublished":"2025-07-23T06:48:29+00:00","dateModified":"2026-04-23T09:18:11+00:00","description":"ABF propone diversi Pastry & Bakery Lab dedicati alla pasticceria e alla panetteria, partendo dalle basi fino a serate tematiche.","breadcrumb":{"@id":"https:\/\/www.abf.eu\/treviglio\/corsi\/pastry-bakery-lab\/#breadcrumb"},"inLanguage":"it-IT","potentialAction":[{"@type":"ReadAction","target":["https:\/\/www.abf.eu\/treviglio\/corsi\/pastry-bakery-lab\/"]}]},{"@type":"ImageObject","inLanguage":"it-IT","@id":"https:\/\/www.abf.eu\/treviglio\/corsi\/pastry-bakery-lab\/#primaryimage","url":"https:\/\/www.abf.eu\/treviglio\/wp-content\/uploads\/sites\/8\/2025\/07\/Pasty-and-bakery-lab.png","contentUrl":"https:\/\/www.abf.eu\/treviglio\/wp-content\/uploads\/sites\/8\/2025\/07\/Pasty-and-bakery-lab.png","width":1000,"height":666},{"@type":"BreadcrumbList","@id":"https:\/\/www.abf.eu\/treviglio\/corsi\/pastry-bakery-lab\/#breadcrumb","itemListElement":[{"@type":"ListItem","position":1,"name":"Home","item":"https:\/\/www.abf.eu\/treviglio\/"},{"@type":"ListItem","position":2,"name":"Pastry &amp; Bakery Lab"}]},{"@type":"WebSite","@id":"https:\/\/www.abf.eu\/treviglio\/#website","url":"https:\/\/www.abf.eu\/treviglio\/","name":"Treviglio","description":"Ecco un altro sito Abf siti","potentialAction":[{"@type":"SearchAction","target":{"@type":"EntryPoint","urlTemplate":"https:\/\/www.abf.eu\/treviglio\/?s={search_term_string}"},"query-input":{"@type":"PropertyValueSpecification","valueRequired":true,"valueName":"search_term_string"}}],"inLanguage":"it-IT"}]}},"_links":{"self":[{"href":"https:\/\/www.abf.eu\/treviglio\/wp-json\/wp\/v2\/corsi\/21947","targetHints":{"allow":["GET"]}}],"collection":[{"href":"https:\/\/www.abf.eu\/treviglio\/wp-json\/wp\/v2\/corsi"}],"about":[{"href":"https:\/\/www.abf.eu\/treviglio\/wp-json\/wp\/v2\/types\/corsi"}],"wp:featuredmedia":[{"embeddable":true,"href":"https:\/\/www.abf.eu\/treviglio\/wp-json\/wp\/v2\/media\/22001"}],"wp:attachment":[{"href":"https:\/\/www.abf.eu\/treviglio\/wp-json\/wp\/v2\/media?parent=21947"}],"curies":[{"name":"wp","href":"https:\/\/api.w.org\/{rel}","templated":true}]}}